{"id":7,"date":"2019-02-13T16:47:16","date_gmt":"2019-02-13T16:47:16","guid":{"rendered":"https:\/\/lob-stommeln.de\/?page_id=7"},"modified":"2021-05-02T09:55:56","modified_gmt":"2021-05-02T09:55:56","slug":"leben-ohne-braunkohle","status":"publish","type":"page","link":"https:\/\/lob-stommeln.de\/","title":{"rendered":"Leben ohne Braunkohle!"},"content":{"rendered":"\t\t<div data-elementor-type=\"wp-post\" data-elementor-id=\"7\" class=\"elementor elementor-7\" data-elementor-settings=\"[]\">\n\t\t\t\t\t\t<div class=\"elementor-inner\">\n\t\t\t\t\t\t\t<div class=\"elementor-section-wrap\">\n\t\t\t\t\t\t\t<section class=\"elementor-section elementor-top-section elementor-element elementor-element-a8cd605 elementor-section-boxed elementor-section-height-default elementor-section-height-default\" data-id=\"a8cd605\" data-element_type=\"section\">\n\t\t\t\t\t\t<div class=\"elementor-container elementor-column-gap-default\">\n\t\t\t\t\t\t\t<div class=\"elementor-row\">\n\t\t\t\t\t<div class=\"elementor-column elementor-col-100 elementor-top-column elementor-element elementor-element-8e98aff\" data-id=\"8e98aff\" data-element_type=\"column\">\n\t\t\t<div class=\"elementor-column-wrap elementor-element-populated\">\n\t\t\t\t\t\t\t<div class=\"elementor-widget-wrap\">\n\t\t\t\t\t\t<div class=\"elementor-element elementor-element-baca653 elementor-widget elementor-widget-menu-anchor\" data-id=\"baca653\" data-element_type=\"widget\" data-widget_type=\"menu-anchor.default\">\n\t\t\t\t<div class=\"elementor-widget-container\">\n\t\t\t\t\t<div id=\"Home\" class=\"elementor-menu-anchor\"><\/div>\n\t\t\t\t<\/div>\n\t\t\t\t<\/div>\n\t\t\t\t<section class=\"elementor-section elementor-inner-section elementor-element elementor-element-9702c4b elementor-section-boxed elementor-section-height-default elementor-section-height-default\" data-id=\"9702c4b\" data-element_type=\"section\">\n\t\t\t\t\t\t<div class=\"elementor-container elementor-column-gap-default\">\n\t\t\t\t\t\t\t<div class=\"elementor-row\">\n\t\t\t\t\t<div class=\"elementor-column elementor-col-50 elementor-inner-column elementor-element elementor-element-485b0f2\" data-id=\"485b0f2\" data-element_type=\"column\">\n\t\t\t<div class=\"elementor-column-wrap elementor-element-populated\">\n\t\t\t\t\t\t\t<div class=\"elementor-widget-wrap\">\n\t\t\t\t\t\t<div class=\"elementor-element elementor-element-5da8ff6 elementor-widget elementor-widget-image\" data-id=\"5da8ff6\" data-element_type=\"widget\" data-widget_type=\"image.default\">\n\t\t\t\t<div class=\"elementor-widget-container\">\n\t\t\t\t\t<div class=\"elementor-image\">\n\t\t\t\t\t\t\t\t\t\t<img width=\"221\" height=\"211\" src=\"https:\/\/lob-stommeln.de\/wp-content\/uploads\/2019\/02\/Logo.jpg\" class=\"attachment-large size-large\" alt=\"\" loading=\"lazy\" \/>\t\t\t\t\t\t\t\t\t\t\t<\/div>\n\t\t\t\t<\/div>\n\t\t\t\t<\/div>\n\t\t\t\t\t\t<\/div>\n\t\t\t\t\t<\/div>\n\t\t<\/div>\n\t\t\t\t<div class=\"elementor-column elementor-col-50 elementor-inner-column elementor-element elementor-element-3e99f08\" data-id=\"3e99f08\" data-element_type=\"column\">\n\t\t\t<div class=\"elementor-column-wrap elementor-element-populated\">\n\t\t\t\t\t\t\t<div class=\"elementor-widget-wrap\">\n\t\t\t\t\t\t<div class=\"elementor-element elementor-element-b12c7ab elementor-widget elementor-widget-heading\" data-id=\"b12c7ab\" data-element_type=\"widget\" data-widget_type=\"heading.default\">\n\t\t\t\t<div class=\"elementor-widget-container\">\n\t\t\t<h2 class=\"elementor-heading-title elementor-size-default\">Aktionsb\u00fcndnis Stommelner B\u00fcrger<br>Leben ohne Braunkohle<\/h2>\t\t<\/div>\n\t\t\t\t<\/div>\n\t\t\t\t<div class=\"elementor-element elementor-element-c6100f3 elementor-widget elementor-widget-text-editor\" data-id=\"c6100f3\" data-element_type=\"widget\" data-widget_type=\"text-editor.default\">\n\t\t\t\t<div class=\"elementor-widget-container\">\n\t\t\t\t\t<div class=\"elementor-text-editor elementor-clearfix\"><section class=\"elementor-element elementor-element-f848740 elementor-section-boxed elementor-section-height-default elementor-section-height-default elementor-section elementor-top-section\" data-id=\"f848740\" data-element_type=\"section\"><div class=\"elementor-container elementor-column-gap-default\"><div class=\"elementor-row\"><div class=\"elementor-element elementor-element-aa449b5 elementor-column elementor-col-100 elementor-top-column\" data-id=\"aa449b5\" data-element_type=\"column\"><div class=\"elementor-column-wrap elementor-element-populated\"><div class=\"elementor-widget-wrap\"><div class=\"elementor-element elementor-element-b2bebc9 elementor-widget elementor-widget-heading\" data-id=\"b2bebc9\" data-element_type=\"heading.default\"><div class=\"elementor-widget-container\"><h6 style=\"page-break-after: avoid; margin: 0cm 0cm 0pt; line-height: normal; mso-outline-level: 1;\"><b><span style=\"mso-fareast-font-family: 'Times New Roman'; mso-bidi-font-family: calibri; mso-fareast-language: de; mso-bidi-font-style: italic;\">K<\/span><span style=\"mso-bidi-font-weight: normal;\"><span style=\"mso-fareast-font-family: 'Times New Roman'; mso-bidi-font-family: calibri; mso-fareast-language: de; mso-no-proof: yes;\">lima retten &#8211; Erneuerbare Energien ausbauen &#8211; Regionalwirtschaft st\u00e4rken &#8211; Zukunftsf\u00e4hige Arbeitspl\u00e4tze schaffen &#8211; Heimat bewahren &#8211; Natur sch\u00fctzen &#8211; Lebensqualit\u00e4t sichern<\/span><\/span><\/b><\/h6><\/div><\/div><\/div><\/div><\/div><\/div><\/div><\/section><\/div>\n\t\t\t\t<\/div>\n\t\t\t\t<\/div>\n\t\t\t\t\t\t<\/div>\n\t\t\t\t\t<\/div>\n\t\t<\/div>\n\t\t\t\t\t\t\t\t<\/div>\n\t\t\t\t\t<\/div>\n\t\t<\/section>\n\t\t\t\t<div class=\"elementor-element elementor-element-f4a293a elementor-widget elementor-widget-spacer\" data-id=\"f4a293a\" data-element_type=\"widget\" data-widget_type=\"spacer.default\">\n\t\t\t\t<div class=\"elementor-widget-container\">\n\t\t\t\t\t<div class=\"elementor-spacer\">\n\t\t\t<div class=\"elementor-spacer-inner\"><\/div>\n\t\t<\/div>\n\t\t\t\t<\/div>\n\t\t\t\t<\/div>\n\t\t\t\t<div class=\"elementor-element elementor-element-d34ed46 elementor-widget elementor-widget-heading\" data-id=\"d34ed46\" data-element_type=\"widget\" data-widget_type=\"heading.default\">\n\t\t\t\t<div class=\"elementor-widget-container\">\n\t\t\t<h2 class=\"elementor-heading-title elementor-size-default\">Pressemitteilung<br>Betr.: Befragung der Pulheimer RatsvertreterInnen zum Klimaschutz in  Pulheim<br>-<br>Erste Ergebnisse<\/h2>\t\t<\/div>\n\t\t\t\t<\/div>\n\t\t\t\t<div class=\"elementor-element elementor-element-92a61b0 elementor-widget elementor-widget-text-editor\" data-id=\"92a61b0\" data-element_type=\"widget\" data-widget_type=\"text-editor.default\">\n\t\t\t\t<div class=\"elementor-widget-container\">\n\t\t\t\t\t<div class=\"elementor-text-editor elementor-clearfix\"><p>Pulheim, 29.04.2021 <br>Ende Januar bat das Aktionsb\u00fcndnis alle RatsvertreterInnen in schriftlicher Form pers\u00f6nlich um eine Darlegung Ihres Verst\u00e4ndnisses&nbsp; von Klimaschutz&nbsp; sowie eine Einsch\u00e4tzung der Situation in Pulheim. Angesichts der Tatsache, dass die Durchschnittstemperatur in unserem Gebiet in den 60er noch 9,2 o C betrug, in der letzten Dekade aber schon 11,3o .&nbsp; , ist&nbsp; Handeln&nbsp; vor Ort&nbsp; dringend geboten.&nbsp; Quelle: <a href=\"https:\/\/climatechange.europeandatajournalism.eu\/en\/germany\/k%C3%B6ln\/rhein-erft-kreis\/pulheim-stadt\" target=\"_blank\">https:\/\/climatechange.europeandatajournalism.eu\/en\/germany\/k%C3%B6ln\/rhein-erft-kreis\/pulheim-stadt<\/a>&nbsp; <br>Der Rat der Stadt Pulheim hat im Juli 2017 ein sog. Integriertes&nbsp; Klimaschutzkonzept (IKSK) verabschiedet, dessen Umsetzung aber \u00e4u\u00dferst schleppend vorankommt, wie auf der Sitzung des Umweltausschusses am 18.03.2021 deutlich wurde . Die Projekte , die im \u201eKlimaschutzfahrplan\u201c bis Ende 2021 realisiert werden sollten, harren&nbsp; noch zu 80% der Bearbeitung . Wenn das Arbeitstempo so bleibt, werden aus den 2017 veranschlagten 4,5 Jahren noch 13,6 Jahre bis zur Umsetzung vergehen. Der Umweltausschuss hat daraufhin mehrheitlich beschlossen,&nbsp; den European Energy&nbsp; Award (EEA) einzuf\u00fchren,&nbsp; so&nbsp; wie zahlreiche Kommunen in der Region. Der EEA erm\u00f6glicht Projektcontrolling und Beratung durch zertifizierte Berater und unterst\u00fctzt resp. beschleunigt&nbsp; somit den Prozess der Umsetzung des IKSK.<br>Unsere Intention war, mit den angeschriebenen RatsvertreterInnen auf der Grundlage des Klimaschutzkonzeptes pers\u00f6nlich ins Gespr\u00e4ch zu kommen . <br>&nbsp;Wir stellen fest, dass wir auf 64 Briefe in ganzen neun F\u00e4llen eine Antwort erhielten, was wir entt\u00e4uschend finden.&nbsp; Die Nichtreaktion zeigt, um es deutlich zu sagen , ein hohes Ma\u00df an Ignoranz quer durch die Fraktionen. Nur vereinzelt, insbesondere aus der CDU-Fraktion, gab es pers\u00f6nliche Stellungnahmen, w\u00e4hrend einige auf die Bitte eine individuelle Aussage gar nicht eingehen , sondern auf ihre Fraktionen&nbsp; verweisen. Der B\u00fcrgermeister l\u00e4sst unsere Anfrage von seiner Fachabteilung beantworten, was ausdr\u00fccklich nicht Zweck der \u00dcbung war.<br>Bei allem Unverst\u00e4ndnis \u00fcber die Weigerung&nbsp; der ganz \u00fcberwiegenden Zahl der Angeschriebenen zu einer pers\u00f6nlichen Positionsbestimmung bleibt ein Hoffnungsschimmer, dergestalt, dass seitens CDU, Gr\u00fcnen, SPD und WFP Gespr\u00e4chsangebote auf&nbsp; Fraktionsebene angeboten wurden. Darauf sind wir sehr gespannt, m\u00f6glicherweise werden&nbsp; einzelne der RatsvertreterInnen ja vorher doch&nbsp; noch ein klimapolitisches Bekenntnis ablegen.<br>F\u00fcr das Aktionsb\u00fcndnis<br>Rudolf Brands,&nbsp; Josef Schumacher&nbsp;&nbsp; <br><\/p><\/div>\n\t\t\t\t<\/div>\n\t\t\t\t<\/div>\n\t\t\t\t<div class=\"elementor-element elementor-element-8680644 elementor-widget elementor-widget-heading\" data-id=\"8680644\" data-element_type=\"widget\" data-widget_type=\"heading.default\">\n\t\t\t\t<div class=\"elementor-widget-container\">\n\t\t\t<h2 class=\"elementor-heading-title elementor-size-default\"><b>Klimaschutz und erneuerbare Energien in Pulheim<\/b><b><br>-<br>Aktionsb\u00fcndnis m\u00f6chte Antworten von Pulheimer Ratsmitgliedern<\/b><\/h2>\t\t<\/div>\n\t\t\t\t<\/div>\n\t\t\t\t<div class=\"elementor-element elementor-element-b88675a elementor-widget elementor-widget-text-editor\" data-id=\"b88675a\" data-element_type=\"widget\" data-widget_type=\"text-editor.default\">\n\t\t\t\t<div class=\"elementor-widget-container\">\n\t\t\t\t\t<div class=\"elementor-text-editor elementor-clearfix\"><p>\u00a0<\/p><h5 style=\"margin-bottom: 0cm; line-height: 100%;\"><span style=\"font-size: medium;\">Laut Energieatlas des Landesumweltministeriums (LANUV) betr\u00e4gt der Anteil erneuerbarer Energien am Stromverbrauch in NRW 16,1 %, im Vergleich sowohl zu anderen Bundesl\u00e4ndern als auch bundesweit (mehr als 40 %) sehr bescheiden. Im Stadtgebiet Pulheim ist der Anteil noch einmal deutlich geringer, genauer: <\/span><span style=\"font-size: medium;\">4,4% davon nur 2,5 % Photovoltaik (siehe hier:\u00a0<\/span><\/h5><div><a href=\"https:\/\/www.energieatlas.nrw.de\/site\/bestandskarte\" target=\"_blank\" rel=\"noopener\"><span style=\"font-size: medium;\">https:\/\/www.energieatlas.nrw.de\/site\/bestandskarte<\/span><\/a><span style=\"font-size: medium;\">).<\/span><\/div><h5 style=\"margin-bottom: 0cm; line-height: 100%;\"><span style=\"font-size: medium;\">Das Aktionsb\u00fcndnis Stommelner B\u00fcrger\u00a0<\/span><span style=\"font-size: medium;\">\u00abLeben ohne Braunkohle\u00bb <\/span><span style=\"font-size: medium;\">(LoB) befasst sich seit vielen Jahren mit den Auswirkungen der Braunkohleverstromung, engagiert sich aber auch sehr stark f\u00fcr die F\u00f6rderung erneuerbarer Energien. Deshalb sah das Aktionsb\u00fcndnis sich veranlasst, in einem Brief an alle neuen Ratsmitglieder als Tr\u00e4ger der politischen Verantwortung f\u00fcr die n\u00e4chsten Jahre die Frage zu stellen, welche Initiative sie pers\u00f6nlich ergreifen wollen, dies zu verbessern.<\/span><\/h5><h5 style=\"margin-bottom: 0cm; line-height: 100%;\"><span style=\"font-size: medium;\">Vom Ziel 65% Erneuerbarer Energie bis 2030 bzw. weitgehender Klimaneutralit\u00e4t bis 2050 sind wir in Pulheim noch sehr weit entfernt. Dabei handelt es sich um verbindliche Zielfestschreibungen der Bundesregierung, an denen sich die Kommunen orientieren sollen.<\/span><\/h5><h5 style=\"margin-bottom: 0cm; line-height: 100%;\" align=\"justify\">\u201e<span style=\"font-size: medium;\">Uns interessiert nun, welche Ziele Sie <\/span><span style=\"font-size: medium;\">pers\u00f6nlich<\/span><span style=\"font-size: medium;\"> in Ihrer politischen Arbeit hinsichtlich regenerativer Energien verfolgen wollen, welche Konzepte Sie haben oder entwickeln und welche <\/span><span style=\"font-size: medium;\">konkreten Ausbauziele<\/span><span style=\"font-size: medium;\"> Sie f\u00fcr die aktuelle Legislaturperiode formulieren. Wie werden Sie Ihre pers\u00f6nlichen Vorstellungen in die Arbeit der Fraktion nachhaltig einbringen?\u201c So formuliert es Rudolf Brands in dem Brief. Und Josef Schumacher erg\u00e4nzt: \u201eGerade St\u00e4dte und Gemeinden k\u00f6nnen durch eine F\u00fclle von Ma\u00dfnahmen die Energiewende f\u00f6rdern! Dies bezieht sich nat\u00fcrlich nicht nur auf den Stromsektor, sondern auch auf alle anderen Bereiche wie Landwirtschaft, Verkehr, Bauen, W\u00e4rme, usw.\u201c<\/span><\/h5><h5 style=\"margin-bottom: 0cm; line-height: 100%;\" align=\"justify\"><span style=\"font-size: medium;\">Das Aktionsb\u00fcndnis erwartet mit Spannung die Antworten der Stadtverordneten und hofft auf einen regen Austausch. <\/span><\/h5><h5 style=\"margin-bottom: 0cm; line-height: 100%;\" align=\"justify\">\u00a0<\/h5><div>Josef Schumacher und Rudolf Brands f\u00fcr Aktionsb\u00fcndnis Stommelner B\u00fcrger \u201eLeben ohne Braunkohle\u201c (LoB)<\/div><div><p class=\"western\" style=\"margin-bottom: 0.35cm;\" align=\"justify\"><span style=\"font-size: small;\">c\/o: Rudolf Brands<\/span><span style=\"font-size: small;\"><span lang=\"it-IT\">, <\/span><\/span><span style=\"font-size: small;\">Zum Ommelstal 97, 50259 Pulheim Tel.: 02238\/15253<\/span><span style=\"font-size: small;\"><span lang=\"fr-FR\"> e. mail: rudolfbrands@netcologne.de<\/span><\/span><\/p><style type=\"text\/css\">p { margin-bottom: 0.25cm; direction: ltr; line-height: 115%; text-align: left; orphans: 2; widows: 2; background: transparent }p.western { font-family: \"Calibri\", serif }p.cjk { font-family: \"Calibri\" }p.ctl { font-family: \"Times New Roman\" }a:link { color: #0000ff; text-decoration: underline }<\/style><\/div><div>\u00a0<\/div><\/div>\n\t\t\t\t<\/div>\n\t\t\t\t<\/div>\n\t\t\t\t<div class=\"elementor-element elementor-element-04c33fc elementor-widget elementor-widget-heading\" data-id=\"04c33fc\" data-element_type=\"widget\" data-widget_type=\"heading.default\">\n\t\t\t\t<div class=\"elementor-widget-container\">\n\t\t\t<h2 class=\"elementor-heading-title elementor-size-default\">Die Antworten<\/h2>\t\t<\/div>\n\t\t\t\t<\/div>\n\t\t\t\t<div class=\"elementor-element elementor-element-b46d3d9 elementor-tabs-view-horizontal elementor-widget elementor-widget-tabs\" data-id=\"b46d3d9\" data-element_type=\"widget\" data-widget_type=\"tabs.default\">\n\t\t\t\t<div class=\"elementor-widget-container\">\n\t\t\t\t\t<div class=\"elementor-tabs\">\n\t\t\t<div class=\"elementor-tabs-wrapper\" role=\"tablist\" >\n\t\t\t\t\t\t\t\t\t<div id=\"elementor-tab-title-1891\" class=\"elementor-tab-title elementor-tab-desktop-title\" aria-selected=\"true\" data-tab=\"1\" role=\"tab\" tabindex=\"0\" aria-controls=\"elementor-tab-content-1891\"><a href=\"\">Wir warten<\/a><\/div>\n\t\t\t\t\t\t\t<\/div>\n\t\t\t<div class=\"elementor-tabs-content-wrapper\" role=\"tablist\" aria-orientation=\"vertical\">\n\t\t\t\t\t\t\t\t\t<div class=\"elementor-tab-title elementor-tab-mobile-title\" aria-selected=\"true\" data-tab=\"1\" role=\"tab\" tabindex=\"0\" aria-controls=\"elementor-tab-content-1891\">Wir warten<\/div>\n\t\t\t\t\t<div id=\"elementor-tab-content-1891\" class=\"elementor-tab-content elementor-clearfix\" data-tab=\"1\" role=\"tabpanel\" aria-labelledby=\"elementor-tab-title-1891\" tabindex=\"0\" hidden=\"false\"><\/div>\n\t\t\t\t\t\t\t<\/div>\n\t\t<\/div>\n\t\t\t\t<\/div>\n\t\t\t\t<\/div>\n\t\t\t\t<div class=\"elementor-element elementor-element-1f4bf30 elementor-widget elementor-widget-spacer\" data-id=\"1f4bf30\" data-element_type=\"widget\" data-widget_type=\"spacer.default\">\n\t\t\t\t<div class=\"elementor-widget-container\">\n\t\t\t\t\t<div class=\"elementor-spacer\">\n\t\t\t<div class=\"elementor-spacer-inner\"><\/div>\n\t\t<\/div>\n\t\t\t\t<\/div>\n\t\t\t\t<\/div>\n\t\t\t\t<div class=\"elementor-element elementor-element-f47f678 elementor-widget elementor-widget-heading\" data-id=\"f47f678\" data-element_type=\"widget\" data-widget_type=\"heading.default\">\n\t\t\t\t<div class=\"elementor-widget-container\">\n\t\t\t<h2 class=\"elementor-heading-title elementor-size-default\">Kommunalwahl und Landsratswahl 2020<br>-<br>Unsere Fragen an die B\u00fcrgermeisterkandidaten <br><span style=\"mso-fareast-font-family: 'Times New Roman'; mso-bidi-font-family: calibri; mso-fareast-language: de; mso-bidi-font-weight: bold;\">zum Thema Folgesch\u00e4den des Braunkohleabbaus<\/span><\/h2>\t\t<\/div>\n\t\t\t\t<\/div>\n\t\t\t\t<div class=\"elementor-element elementor-element-747a89c elementor-widget elementor-widget-text-editor\" data-id=\"747a89c\" data-element_type=\"widget\" data-widget_type=\"text-editor.default\">\n\t\t\t\t<div class=\"elementor-widget-container\">\n\t\t\t\t\t<div class=\"elementor-text-editor elementor-clearfix\"><h4><span style=\"mso-fareast-font-family: 'Times New Roman'; mso-bidi-font-family: calibri; mso-fareast-language: de; mso-bidi-font-style: italic;\"><span style=\"font-size: 11pt;\">Bereits seit Herbst 2018 appellieren das Aktionsb\u00fcndnis Stommelner B\u00fcrger \u201eLeben ohne Braunkohle\u201c (LoB) und das Netzwerk Bergbaugesch\u00e4digter, unterst\u00fctzt von \u00fcber 2000 B\u00fcrgern, an die Landesregierung, die Folgen des Braunkohletagebaus auf die politische Agenda zu stellen.<\/span><\/span><\/h4>\n<h4 style=\"margin: 0cm 0cm 0pt; line-height: normal;\">\n<\/h4><h4 style=\"margin: 0cm 0cm 0pt; line-height: normal;\"><span style=\"mso-fareast-font-family: 'Times New Roman'; mso-bidi-font-family: calibri; mso-fareast-language: de;\"><span style=\"font-size: 11pt;\">&nbsp;<\/span><\/span><\/h4>\n<h4 style=\"margin: 0cm 0cm 0pt; line-height: normal;\"><span style=\"mso-fareast-font-family: 'Times New Roman'; mso-bidi-font-family: calibri; mso-fareast-language: de;\"><span style=\"font-size: 11pt;\">Die Beeintr\u00e4chtigungen durch die Braunkohleverstromung sind im Rhein-Erft-Kreis an vielen Stellen sichtbar. Neben den aktuellen Belastungen (massive Grundwasserabsenkungen, Feinstaubbelastung und weiterer Zerst\u00f6rung von D\u00f6rfern und Natur trotz Kohleausstiegsvereinbarungen) sind auch in Zukunft massive Sch\u00e4den, etwa durch Wiederanstieg des Grundwassers und dessen drohende Kontaminierung durch unzureichend gesicherte Deponien, zu bef\u00fcrchten. <\/span><\/span><\/h4>\n<h4 style=\"margin: 0cm 0cm 0pt; line-height: normal;\">\n<\/h4><h4 style=\"margin: 0px;\"><span style=\"font-size: 11pt;\">&nbsp;<\/span><\/h4>\n<h4 style=\"margin: 0px;\"><span style=\"font-size: 11pt;\">Das Grundwasser ist tagebaubedingt weitfl\u00e4chig (ca. 3000km<sup>2<\/sup>) bereits jetzt mengenm\u00e4\u00dfig wie qualitativ in schlechtem Zustand, nachzulesen im \u201eHintergrundpapier Braunkohle\u201c aus dem Landesumweltministerium.<\/span><\/h4>\n<h4 style=\"margin: 0px;\"><span style=\"font-size: 11pt;\">&nbsp;<\/span><\/h4>\n<h4 style=\"margin: 0px;\"><span style=\"font-size: 11pt;\">So <span style=\"mso-spacerun: yes;\">&nbsp;<\/span>werden derzeit im Rheinischen Braunkohlenrevier zur Trockenhaltung der Tagebaue Garzweiler, Inden und Hambach j\u00e4hrlich etwa 550 Millionen Kubikmeter Grundwasser abgepumpt. (Angabe des Erftverbandes)<\/span><\/h4>\n<h4 style=\"margin: 0px;\">\n<\/h4><h4 style=\"margin: 0px;\"><span style=\"font-size: 11pt;\">&nbsp;<\/span><\/h4>\n<h4 style=\"margin: 0px;\"><span style=\"font-size: 11pt;\">Nach Beendigung des Kohleabbaus steigt das Grundwasser wieder und Sulfate aus Tagebauabraumhalden werden ausgewaschen. Die derzeitigen Trinkwassergewinnungsanlagen Glesch, Paffendorf, T\u00fcrnich und Sindorf werden laut Aussage des Erftverbandes ihre Wassergewinnung einstellen m\u00fcssen.<\/span><span style=\"mso-fareast-font-family: 'Times New Roman'; mso-bidi-font-family: calibri; mso-fareast-language: de;\"><span style=\"font-size: 11pt;\">Die letzten beiden D\u00fcrrejahre haben gezeigt, dass die Versorgung mit sauberem Trinkwasser von elementarer Bedeutung ist. Die Grundwasserst\u00e4nde sinken stetig. F\u00fcr die Zukunft bedarf es daher weitsichtiger Vorsorge.<\/span><\/span><\/h4>\n<h4 style=\"margin: 0cm 0cm 0pt; line-height: normal;\">\n<\/h4><h4 style=\"margin: 0cm 0cm 0pt; line-height: normal;\"><span style=\"mso-fareast-font-family: 'Times New Roman'; mso-bidi-font-family: calibri; mso-fareast-language: de;\"><span style=\"font-size: 11pt;\">&nbsp;<\/span><\/span><\/h4>\n<h4 style=\"margin: 0cm 0cm 0pt; line-height: normal;\"><span style=\"mso-fareast-font-family: 'Times New Roman'; mso-bidi-font-family: calibri; mso-fareast-language: de;\"><span style=\"font-size: 11pt;\">Ebenso ungekl\u00e4rt ist die Frage, wer f\u00fcr die zu erwartenden Bergsch\u00e4den bei Immobilien, Landwirtschaft und Infrastruktur aufkommt.<\/span><\/span><\/h4>\n<h4 style=\"margin: 0cm 0cm 0pt; line-height: normal;\">\n<\/h4><h4 style=\"margin: 0cm 0cm 0pt; line-height: normal;\"><span style=\"mso-fareast-font-family: 'Times New Roman'; mso-bidi-font-family: calibri; mso-fareast-language: de;\"><span style=\"font-size: 11pt;\">Die auf Grund des Appells seither gef\u00fchrten Gespr\u00e4che mit Vertretern der Landesregierung (Umwelt- und Wirtschaftsministerium) und dem zust\u00e4ndigem Erftverband konnten die ge\u00e4u\u00dferten Bef\u00fcrchtungen bisher nicht ausr\u00e4umen.<\/span><\/span><\/h4>\n<h4 style=\"margin: 0cm 0cm 0pt; line-height: normal;\"><span style=\"mso-fareast-font-family: 'Times New Roman'; mso-bidi-font-family: calibri; mso-fareast-language: de;\"><span style=\"font-size: 11pt;\">&nbsp;<\/span><\/span><\/h4>\n<h4 style=\"margin: 0cm 0cm 0pt; line-height: normal;\"><span style=\"mso-fareast-font-family: 'Times New Roman'; mso-bidi-font-family: calibri; mso-fareast-language: de;\"><span style=\"font-size: 11pt;\">Eine urspr\u00fcnglich gemeinsam mit dem BUND NRW angedachte \u00f6ffentliche Veranstaltung kann aus Gr\u00fcnden des Infektionsschutzes zurzeit nicht stattfinden. Deshalb hat das Aktionsb\u00fcndnis Anfang Juli einem offenen Brief an die Kandidaten f\u00fcr das Amt des Landrats und die B\u00fcrgermeisterkandidaten der Stadt Pulheim verschickt mit der Bitte um Stellungnahme zu den angesprochenen Problematiken. (Siehe angef\u00fcgten Brief und Appell)<\/span><\/span><\/h4>\n<h4 style=\"margin: 0cm 0cm 0pt; line-height: normal;\" align=\"justify\">\n<\/h4><h4 style=\"margin: 0cm 0cm 0pt; line-height: normal;\" align=\"justify\"><span style=\"mso-fareast-font-family: 'Times New Roman'; mso-bidi-font-family: calibri; mso-fareast-language: de; mso-bidi-font-style: italic;\"><span style=\"font-size: 11pt;\">&nbsp;<\/span><\/span><\/h4>\n<h4 style=\"margin: 0cm 0cm 0pt; line-height: normal;\" align=\"justify\"><span style=\"mso-fareast-font-family: 'Times New Roman'; mso-bidi-font-family: calibri; mso-fareast-language: de; mso-bidi-font-style: italic;\"><span style=\"font-size: 11pt;\">Josef Schumacher und Rudolf Brands f\u00fcr Aktionsb\u00fcndnis Stommelner B\u00fcrger \u201eLeben ohne Braunkohle\u201c (LoB)<\/span><\/span><\/h4>\n<h4><span style=\"line-height: 12pt; mso-fareast-font-family: 'Times New Roman'; mso-bidi-font-family: calibri; mso-fareast-language: de; mso-bidi-font-style: italic;\"><span style=\"font-size: 10pt;\">c\/o: Rudolf Brands<\/span><\/span><span style=\"font-size: 10pt;\"><span style=\"line-height: 12pt; mso-bidi-font-family: calibri; mso-ansi-language: it;\" lang=\"IT\">, <\/span><span style=\"line-height: 12pt; mso-bidi-font-family: calibri;\">Zum Ommelstal 97, 50259 Pulheim Tel.: 02238\/15253<\/span><\/span><span style=\"line-height: 12pt; mso-bidi-font-family: calibri; mso-ansi-language: fr;\" lang=\"FR\"><span style=\"font-size: 10pt;\"> e. mail: rudolfbrands@netcolo<\/span><\/span><\/h4><\/div>\n\t\t\t\t<\/div>\n\t\t\t\t<\/div>\n\t\t\t\t<div class=\"elementor-element elementor-element-59ace72 elementor-widget elementor-widget-heading\" data-id=\"59ace72\" data-element_type=\"widget\" data-widget_type=\"heading.default\">\n\t\t\t\t<div class=\"elementor-widget-container\">\n\t\t\t<h2 class=\"elementor-heading-title elementor-size-default\">Die Antworten der B\u00fcrgermeisterkandidaten der Stadt Pulheim<\/h2>\t\t<\/div>\n\t\t\t\t<\/div>\n\t\t\t\t<div class=\"elementor-element elementor-element-a5e1141 elementor-tabs-view-horizontal elementor-widget elementor-widget-tabs\" data-id=\"a5e1141\" data-element_type=\"widget\" data-widget_type=\"tabs.default\">\n\t\t\t\t<div class=\"elementor-widget-container\">\n\t\t\t\t\t<div class=\"elementor-tabs\">\n\t\t\t<div class=\"elementor-tabs-wrapper\" role=\"tablist\" >\n\t\t\t\t\t\t\t\t\t<div id=\"elementor-tab-title-1731\" class=\"elementor-tab-title elementor-tab-desktop-title\" aria-selected=\"true\" data-tab=\"1\" role=\"tab\" tabindex=\"0\" aria-controls=\"elementor-tab-content-1731\"><a href=\"\">CDU<\/a><\/div>\n\t\t\t\t\t\t\t\t\t<div id=\"elementor-tab-title-1732\" class=\"elementor-tab-title elementor-tab-desktop-title\" aria-selected=\"false\" data-tab=\"2\" role=\"tab\" tabindex=\"-1\" aria-controls=\"elementor-tab-content-1732\"><a href=\"\">B\u00fcndnis 90 \/ Die Gr\u00fcnen<\/a><\/div>\n\t\t\t\t\t\t\t\t\t<div id=\"elementor-tab-title-1733\" class=\"elementor-tab-title elementor-tab-desktop-title\" aria-selected=\"false\" data-tab=\"3\" role=\"tab\" tabindex=\"-1\" aria-controls=\"elementor-tab-content-1733\"><a href=\"\">BVP<\/a><\/div>\n\t\t\t\t\t\t\t\t\t<div id=\"elementor-tab-title-1734\" class=\"elementor-tab-title elementor-tab-desktop-title\" aria-selected=\"false\" data-tab=\"4\" role=\"tab\" tabindex=\"-1\" aria-controls=\"elementor-tab-content-1734\"><a href=\"\">SPD<\/a><\/div>\n\t\t\t\t\t\t\t<\/div>\n\t\t\t<div class=\"elementor-tabs-content-wrapper\" role=\"tablist\" aria-orientation=\"vertical\">\n\t\t\t\t\t\t\t\t\t<div class=\"elementor-tab-title elementor-tab-mobile-title\" aria-selected=\"true\" data-tab=\"1\" role=\"tab\" tabindex=\"0\" aria-controls=\"elementor-tab-content-1731\">CDU<\/div>\n\t\t\t\t\t<div id=\"elementor-tab-content-1731\" class=\"elementor-tab-content elementor-clearfix\" data-tab=\"1\" role=\"tabpanel\" aria-labelledby=\"elementor-tab-title-1731\" tabindex=\"0\" hidden=\"false\"><div>Unser Fragenkatalog wurde Frank Keppler, dem amtierenden B\u00fcrgermeister und B\u00fcrgermeister-Kandidaten der CDU, beantwortet:<\/div>\n<div>\n<div style=\"margin: 0px 5px 0px 0px;\"><strong>&nbsp;<\/strong><\/div>\n<div style=\"margin: 0px 5px 0px 0px;\"><strong>Wie stehen Sie zu dem Sachverhalt, dass bei Wiederanstieg des Grundwassers nach Ende des Tagebaus in absehbarer Zeit die Wasserwerke auf der Erftscholle f\u00fcr die Trinkwasserversorgung ausfallen? Durch die Auswaschung von&nbsp; Materialien aus den Tagebauen entstehen Sulfate, die das Grundwasser gro\u00dffl\u00e4chig unbrauchbar machen (aktuell bereits im Bereich Glessener Kippe festzustellen). <\/strong><\/div>\n<div style=\"margin: 0px 5px 0px 0px;\">&nbsp;<\/div>\n<div style=\"margin: 0px 5px 0px 0px;\">Es ist wichtig, dass dieser Gesichtspunkt fr\u00fchzeitig umfassend gepr\u00fcft und die notwendigen Gegenma\u00dfnahmen ergriffen werden. Wasser ist das bedeutsamste Lebensmittel, auf das alle Menschen angewiesen sind. Gesundheitsbeeintr\u00e4chtigungen und -gef\u00e4hrdungen muss deshalb vorausschauend und fr\u00fchzeitig entgegengewirkt werden. Wichtig ist, dass eine gerechte Verteilung der dabei entstehenden Kosten stattfindet. Eine zus\u00e4tzliche Belastung der Verbraucherinnen und Verbraucher sehe ich kritisch.&nbsp;<\/div>\n<div style=\"margin: 0px 5px 0px 0px;\">&nbsp;<\/div>\n<div style=\"margin: 0px 5px 0px 0px;\">&nbsp;<\/div>\n<div style=\"margin: 0px 5px 0px 0px;\"><strong>Wir sind der Auffassung, dass die Verursacher dieser Sch\u00e4den daf\u00fcr voll umf\u00e4nglich haften sollten; welche Position vertreten Sie?<\/strong><\/div>\n<div style=\"margin: 0px 5px 0px 0px;\"><strong>&nbsp;<\/strong><\/div>\n<div style=\"margin: 0px 5px 0px 0px;\">Dass der, der einen Zustand zu verantworten hat, auch f\u00fcr die Folgen einzutreten hat, ist grunds\u00e4tzlich richtig. Allerdings wird auch der Gesichtspunkt, dass Energieversorgung im \u00f6ffentlichen Interesse liegt, zu ber\u00fccksichtigen sein.<\/div>\n<div style=\"margin: 0px 5px 0px 0px;\">&nbsp;<\/div>\n<div style=\"margin: 0px 5px 0px 0px;\">&nbsp;<\/div>\n<div style=\"margin: 0px 5px 0px 0px;\"><strong>Nach unseren Informationen besteht die Gefahr der Kontamination des Grundwassers durch ungesicherte Deponien im Erftkreis. Wie sch\u00e4tzen Sie diese ein? Wie ist Ihre Informationslage bez\u00fcglich der Altdeponien in den ehemaligen Tagebauen?<\/strong><\/div>\n<div style=\"margin: 0px 5px 0px 0px;\"><strong>&nbsp;<\/strong><\/div>\n<div style=\"margin: 0px 5px 0px 0px;\">Die Altdeponien wurden &#8211; soweit mir bekannt ist &#8211; von den Kreisen erfasst. Aufgrund von Studien wird die Auffassung vertreten, dass eine Kontamination des Grundwassers ausgeschlossen sei. Aufgrund der Bedeutung einer gesicherten Versorgung mit gesundem Trinkwasser halte ich es jedoch f\u00fcr wichtig, fortgesetzt zu pr\u00fcfen, ob die Annahme (weiterhin) zutreffend ist.<\/div>\n<div style=\"margin: 0px 5px 0px 0px;\">&nbsp;<\/div>\n<div style=\"margin: 0px 5px 0px 0px;\">&nbsp;<\/div>\n<div style=\"margin: 0px 5px 0px 0px;\"><strong>Sind Sie der Auffassung, dass der Bergbaubetreiber f\u00fcr entstandene Sch\u00e4den (z.B. Risse, Setzungen in Geb\u00e4uden und in der \u00f6ffentlichen Infrastruktur) zeitlich unbegrenzt Entsch\u00e4digung leisten soll? Bisher gibt es f\u00fcr die Zukunft noch keine tragf\u00e4hige Regelung f\u00fcr Privatleute und Kommunen. <\/strong><\/div>\n<div style=\"margin: 0px 5px 0px 0px;\"><strong>&nbsp;<\/strong><\/div>\n<div style=\"margin: 0px 5px 0px 0px;\">Die grunds\u00e4tzliche gesetzliche Eintrittspflicht des Verursachers f\u00fcr entstandene Sch\u00e4den ist richtig. Speziell geht es aber um die Frage, wie in (fernerer) Zukunft sichergestellt ist, dass auftretende Sch\u00e4den auch reguliert und ausgeglichen werden. Eine klare gesetzliche Regelung w\u00e4re w\u00fcnschenswert.<br>Die Einrichtung eines hinreichend ausgestatteten Fonds w\u00e4re eine L\u00f6sung, die Klarheit schaffen w\u00fcrde.<\/div>\n<div style=\"margin: 0px 5px 0px 0px;\">&nbsp;<\/div>\n<div style=\"margin: 0px 5px 0px 0px;\">&nbsp;<\/div>\n<div style=\"margin: 0px 5px 0px 0px;\"><strong>Unterst\u00fctzen Sie den Stommelner Appell (s. Anlage)? Wenn ja, welche M\u00f6glichkeiten sehen Sie f\u00fcr sich, den Forderungen Nachdruck zu verleihen?<\/strong><\/div>\n<div style=\"margin: 0px 5px 0px 0px;\"><strong>&nbsp;<\/strong><\/div>\n<div style=\"margin: 0px 5px 0px 0px;\">Die Aussagen des Stommelner Appells halte ich zu einem gro\u00dfen Teil f\u00fcr zutreffend (siehe oben). Ein wirksamer Grundwasserschutz hat hohe Priorit\u00e4t und ist sicherzustellen.<br>Die zuk\u00fcnftige Regulierung von Sch\u00e4den sollte \u2013 zum Beispiel durch eine geeignete Fondsl\u00f6sung \u2013 gew\u00e4hrleistet sein. Nicht vergessen werden darf aber, dass an der zuverl\u00e4ssigen Versorgung mit Energie ein \u00f6ffentliches Interesse besteht &#8211; und auch in der Vergangenheit bestanden hat. Auch wenn die Entscheidungen im Wesentlichen in Bund und Land getroffen werden, kann auf den Gesetzgebungsprozess von kommunaler Seite zum Beispiel durch Petitionen oder Stellungnahmen Einfluss genommen werden.<br>Auch der Prozess des Strukturwandels kann hierf\u00fcr genutzt werden. In jedem Fall ist es wichtig, die weitere Entwicklung aufmerksam zu beobachten und im Bedarfsfall fr\u00fchzeitig t\u00e4tig zu werden.<\/div>\n<div style=\"margin: 0px 5px 0px 0px;\">&nbsp;<\/div>\n<div style=\"margin: 0px 5px 0px 0px;\">&nbsp;<\/div>\n<div style=\"margin: 0px 5px 0px 0px;\"><strong>Schlie\u00dfen Sie sich auch der Forderung an, neben der dringenden historischen Erkundung der Altlasten f\u00fcr die sogenannten Ewigkeitslasten des Braunkohlebergbaus einen Fonds einzurichten, in den z.B. ein Teil der sogenannten Entsch\u00e4digung f\u00fcr die Kraftwerksbetreiber eingespeist wird? Damit k\u00f6nnen die Kosten f\u00fcr die wahrscheinlich notwendig werdende Dauers\u00fcmpfung im Bereich der Deponien und in der durch Wiedervern\u00e4ssung gef\u00e4hrdeten Siedlungen aufgefangen werden, Altdeponien erkundet werden sowie zuk\u00fcnftige Sch\u00e4den an privatem wie \u00f6ffentlichem Besitz kompensiert werden. <\/strong><\/div>\n<div style=\"margin: 0px 5px 0px 0px;\"><strong><br><\/strong><\/div>\n<p><span style=\"font-family: arial, helvetica, sans-serif; font-size: 10pt; color: #000000; text-decoration: none;\">Die Schaffung eines Fonds halte ich f\u00fcr eine gute L\u00f6sung (siehe oben). Besondere Bedeutung wird der Frage zukommen, wie und vor allem von wem in einen solchen Fonds eingezahlt wird. Hier wird neben dem Verursacherprinzip auch das \u00f6ffentliche Interesse an der Energieversorgung zu ber\u00fccksichtigen sein. Wichtig erscheint mir vor allem, dass auch in Zukunft m\u00f6gliche Sch\u00e4den an privatem und \u00f6ffentlichem Besitz \u00fcber einen solchen Fonds zuverl\u00e4ssig reguliert werden k\u00f6nnen. <\/span><br><\/p>\n<\/div><\/div>\n\t\t\t\t\t\t\t\t\t<div class=\"elementor-tab-title elementor-tab-mobile-title\" aria-selected=\"false\" data-tab=\"2\" role=\"tab\" tabindex=\"-1\" aria-controls=\"elementor-tab-content-1732\">B\u00fcndnis 90 \/ Die Gr\u00fcnen<\/div>\n\t\t\t\t\t<div id=\"elementor-tab-content-1732\" class=\"elementor-tab-content elementor-clearfix\" data-tab=\"2\" role=\"tabpanel\" aria-labelledby=\"elementor-tab-title-1732\" tabindex=\"0\" hidden=\"hidden\"><p>Unser Fragenkatalog wurde Wolf Ke\u00dfler, dem B\u00fcrgermeister-Kandidaten von B\u00fcndnis90\/Die Gr\u00fcnen beantwortet:<\/p><p><a href=\"https:\/\/lob-stommeln.de\/wp-content\/uploads\/2020\/08\/Gruene_Kessler_LOB_21.08.2020.pdf\">Gr\u00fcne: Zum Anzeigen bitte klicken<br \/><\/a><\/p><p>\u00a0<\/p><\/div>\n\t\t\t\t\t\t\t\t\t<div class=\"elementor-tab-title elementor-tab-mobile-title\" aria-selected=\"false\" data-tab=\"3\" role=\"tab\" tabindex=\"-1\" aria-controls=\"elementor-tab-content-1733\">BVP<\/div>\n\t\t\t\t\t<div id=\"elementor-tab-content-1733\" class=\"elementor-tab-content elementor-clearfix\" data-tab=\"3\" role=\"tabpanel\" aria-labelledby=\"elementor-tab-title-1733\" tabindex=\"0\" hidden=\"hidden\"><p>\u00a0<\/p><p>Unser Fragenkatalog wurde von der B\u00fcrgermeisterkandidatin Birgit Liste-Partsch beantwortet: <a href=\"https:\/\/lob-stommeln.de\/wp-content\/uploads\/2020\/08\/Braunkohle-Antworten-neu.BVP_.pdf\">BVP: F\u00fcr Anzeige bitte klicken<\/a><\/p><\/div>\n\t\t\t\t\t\t\t\t\t<div class=\"elementor-tab-title elementor-tab-mobile-title\" aria-selected=\"false\" data-tab=\"4\" role=\"tab\" tabindex=\"-1\" aria-controls=\"elementor-tab-content-1734\">SPD<\/div>\n\t\t\t\t\t<div id=\"elementor-tab-content-1734\" class=\"elementor-tab-content elementor-clearfix\" data-tab=\"4\" role=\"tabpanel\" aria-labelledby=\"elementor-tab-title-1734\" tabindex=\"0\" hidden=\"hidden\"><p>Bisher haben wir leider keine Antwort erhalten.<\/p><\/div>\n\t\t\t\t\t\t\t<\/div>\n\t\t<\/div>\n\t\t\t\t<\/div>\n\t\t\t\t<\/div>\n\t\t\t\t<div class=\"elementor-element elementor-element-0da6dd8 elementor-widget elementor-widget-spacer\" data-id=\"0da6dd8\" data-element_type=\"widget\" data-widget_type=\"spacer.default\">\n\t\t\t\t<div class=\"elementor-widget-container\">\n\t\t\t\t\t<div class=\"elementor-spacer\">\n\t\t\t<div class=\"elementor-spacer-inner\"><\/div>\n\t\t<\/div>\n\t\t\t\t<\/div>\n\t\t\t\t<\/div>\n\t\t\t\t<div class=\"elementor-element elementor-element-86a91f1 elementor-widget elementor-widget-heading\" data-id=\"86a91f1\" data-element_type=\"widget\" data-widget_type=\"heading.default\">\n\t\t\t\t<div class=\"elementor-widget-container\">\n\t\t\t<h2 class=\"elementor-heading-title elementor-size-default\">Die Antworten der Kandidaten f\u00fcr das Amt des Landrats des Rhein-Erft-Kreises<\/h2>\t\t<\/div>\n\t\t\t\t<\/div>\n\t\t\t\t<div class=\"elementor-element elementor-element-b823a57 elementor-tabs-view-horizontal elementor-widget elementor-widget-tabs\" data-id=\"b823a57\" data-element_type=\"widget\" data-widget_type=\"tabs.default\">\n\t\t\t\t<div class=\"elementor-widget-container\">\n\t\t\t\t\t<div class=\"elementor-tabs\">\n\t\t\t<div class=\"elementor-tabs-wrapper\" role=\"tablist\" >\n\t\t\t\t\t\t\t\t\t<div id=\"elementor-tab-title-1931\" class=\"elementor-tab-title elementor-tab-desktop-title\" aria-selected=\"true\" data-tab=\"1\" role=\"tab\" tabindex=\"0\" aria-controls=\"elementor-tab-content-1931\"><a href=\"\">CDU<\/a><\/div>\n\t\t\t\t\t\t\t\t\t<div id=\"elementor-tab-title-1932\" class=\"elementor-tab-title elementor-tab-desktop-title\" aria-selected=\"false\" data-tab=\"2\" role=\"tab\" tabindex=\"-1\" aria-controls=\"elementor-tab-content-1932\"><a href=\"\">SPD<\/a><\/div>\n\t\t\t\t\t\t\t\t\t<div id=\"elementor-tab-title-1933\" class=\"elementor-tab-title elementor-tab-desktop-title\" aria-selected=\"false\" data-tab=\"3\" role=\"tab\" tabindex=\"-1\" aria-controls=\"elementor-tab-content-1933\"><a href=\"\">Freie W\u00e4hler<\/a><\/div>\n\t\t\t\t\t\t\t\t\t<div id=\"elementor-tab-title-1934\" class=\"elementor-tab-title elementor-tab-desktop-title\" aria-selected=\"false\" data-tab=\"4\" role=\"tab\" tabindex=\"-1\" aria-controls=\"elementor-tab-content-1934\"><a href=\"\">Die Linke<\/a><\/div>\n\t\t\t\t\t\t\t\t\t<div id=\"elementor-tab-title-1935\" class=\"elementor-tab-title elementor-tab-desktop-title\" aria-selected=\"false\" data-tab=\"5\" role=\"tab\" tabindex=\"-1\" aria-controls=\"elementor-tab-content-1935\"><a href=\"\">B\u00fcndnis 90 \/ Die Gr\u00fcnen<\/a><\/div>\n\t\t\t\t\t\t\t\t\t<div id=\"elementor-tab-title-1936\" class=\"elementor-tab-title elementor-tab-desktop-title\" aria-selected=\"false\" data-tab=\"6\" role=\"tab\" tabindex=\"-1\" aria-controls=\"elementor-tab-content-1936\"><a href=\"\">Unsere Antwort an Herrn Rock von der CDU<\/a><\/div>\n\t\t\t\t\t\t\t<\/div>\n\t\t\t<div class=\"elementor-tabs-content-wrapper\" role=\"tablist\" aria-orientation=\"vertical\">\n\t\t\t\t\t\t\t\t\t<div class=\"elementor-tab-title elementor-tab-mobile-title\" aria-selected=\"true\" data-tab=\"1\" role=\"tab\" tabindex=\"0\" aria-controls=\"elementor-tab-content-1931\">CDU<\/div>\n\t\t\t\t\t<div id=\"elementor-tab-content-1931\" class=\"elementor-tab-content elementor-clearfix\" data-tab=\"1\" role=\"tabpanel\" aria-labelledby=\"elementor-tab-title-1931\" tabindex=\"0\" hidden=\"false\"><p>Sehr geehrter Herr Brands,<\/p><p>\u00a0<\/p><p>vielen Dank f\u00fcr Ihren offenen Brief zum Thema Braunkohleabbau an mich.<\/p><p>\u00a0<\/p><p>Sehr gerne k\u00f6nnen wir uns zu diesem Thema in einem Gespr\u00e4ch austauschen. Hierzu k\u00f6nnen wir telefonieren oder uns aber auch pers\u00f6nlich treffen. Jedoch ist dies aufgrund meines derzeitig engen Terminkalenders erst nach der Wahl m\u00f6glich.<\/p><p>\u00a0<\/p><p>Bitte haben Sie Verst\u00e4ndnis, dass ich Ihnen aufgrund Ihres offenen Briefes jetzt nicht sofort antworte. Bereits vor langer Zeit habe ich die Entscheidung getroffen, auf offene Briefe, egal welchen Inhalts, generell nicht zu antworten.<\/p><p>Ich empfinde die offenen Briefe als ungeeignete Plattform f\u00fcr eine sachliche Kommunikation.<\/p><p>\u00a0<\/p><p>Ihre Aussage, bei Nichtantwort meinerseits, dies entsprechend auf Ihrer Homepage zu ver\u00f6ffentlichen wirkt wie eine Drohung auf mich, auch wenn Sie dies vielleicht nicht so beabsichtigt haben.<\/p><p>Mich best\u00e4rkt es jedoch nur in meiner Meinung, dass diese Art der Kommunikation nicht zielf\u00fchrend ist.<\/p><p>\u00a0<\/p><p>Bitte nehmen Sie, falls gew\u00fcnscht, Kontakt mit meinem B\u00fcro auf, um einen Gespr\u00e4chstermin im Oktober zu vereinbaren.<\/p><p>\u00a0<\/p><p>Ich freue mich, wenn wir uns auf dieser Ebene austauschen k\u00f6nnen.<\/p><p>\u00a0<\/p><p>Mit freundlichen Gr\u00fc\u00dfen<\/p><p>\u00a0<\/p><p>Frank Rock<\/p><p>\u00a0<\/p><\/div>\n\t\t\t\t\t\t\t\t\t<div class=\"elementor-tab-title elementor-tab-mobile-title\" aria-selected=\"false\" data-tab=\"2\" role=\"tab\" tabindex=\"-1\" aria-controls=\"elementor-tab-content-1932\">SPD<\/div>\n\t\t\t\t\t<div id=\"elementor-tab-content-1932\" class=\"elementor-tab-content elementor-clearfix\" data-tab=\"2\" role=\"tabpanel\" aria-labelledby=\"elementor-tab-title-1932\" tabindex=\"0\" hidden=\"hidden\"><p>Unser Fragenkatalog wurde vom Landratskandidaten Dierk Timm\u00a0 beantwortet: <a href=\"https:\/\/lob-stommeln.de\/wp-content\/uploads\/2020\/08\/SPD-image2020-08-13-110008.pdf\">F\u00fcr Anzeige bitte klicken<\/a><\/p><\/div>\n\t\t\t\t\t\t\t\t\t<div class=\"elementor-tab-title elementor-tab-mobile-title\" aria-selected=\"false\" data-tab=\"3\" role=\"tab\" tabindex=\"-1\" aria-controls=\"elementor-tab-content-1933\">Freie W\u00e4hler<\/div>\n\t\t\t\t\t<div id=\"elementor-tab-content-1933\" class=\"elementor-tab-content elementor-clearfix\" data-tab=\"3\" role=\"tabpanel\" aria-labelledby=\"elementor-tab-title-1933\" tabindex=\"0\" hidden=\"hidden\"><p>Unser Fragenkatalog wurde von Karl Heinz Spielmanns,&nbsp; dem Vorsitzender der FREIEN W\u00c4HLER im Rhein Erft Kreis, beantwortet:<\/p>\n<p><\/p>\n<p>Sehr geehrte Damen und Herren,<\/p>\n<div>\n<p>Ihr Fragen beantworte ich wie Folgt:<\/p>\n<p><\/p>\n<p>zu1) Diese Problematik ist bislang noch nicht tiefgreifend in den Gremien in denen unsere Vertreter sitzen behandelt worden. Die Sorgen sind in der Tat nicht unbegr\u00fcndet insbesondere wird die Trinkwassergewinnung in Zukunft eine gro\u00dfe Rolle spielen &#8211; auch f\u00fcr die Landwirtschaft. Es gilt jetzt genau hinzuschauen wie stark die Eintr\u00e4ge in die Brunnen der Wasserwerke sein werden und welche geeigneten Ma\u00dfnahmen zuk\u00fcnftig zu ergreifen sind.<\/p>\n<p>zu2) Eine Haftung nach dem Verursacherprinzip ist im Grundsatz richtig. Rechtlich hat in der Vergangenheit allerdings auch das &#8222;\u00f6ffentliche Interesse&#8220; in der Abw\u00e4gung eine Rolle gespielt um die Bev\u00f6lkerung sicher mit Energie zu versorgen.<\/p>\n<p>zu3) Leider ist es so das fr\u00fcher hinter jedem Dorf ungesichert deponiert wurde. Ihre Bef\u00fcrchtungen das von ungesicherte Deponien Gefahren ausgehen ist sicherlich richtig. Bei den Deponien im Bereich der Tagebaue werden seit den 80er Jahren nach unseren Informationen Ma\u00dfnahmen ergriffen jegliche Kontamination nach Grundwasseranstieg auszuschlie\u00dfen. Es ist richtig das von Altdeponien die nicht gut gesichert sind schon Eintragungen in Gew\u00e4sser ( Verockerung ) festzustellen sind.<\/p>\n<p>zu4) Bislang hat der Bergbautreibende f\u00fcr entstandene Sch\u00e4den &#8211; auch ohne tragf\u00e4hige Regelung &#8211; gehaftet und versucht Sch\u00e4den entsprechend zu regulieren. Damit das in Zukunft auch gew\u00e4hrleistet bleibt, w\u00e4re eine rechtliche Grundlage w\u00fcnschenswert.<\/p>\n<p>zu5) Jede Art von industrieller Bet\u00e4tigung stellt auch eine Belastung der Umwelt und der Menschen einer Region dar. Neben der w\u00fcnschenswerten Wertsch\u00f6pfung dieser Bet\u00e4tigung ist es in jedem Fall wichtig die Beeintr\u00e4chtigungen f\u00fcr Umwelt und Mensch so gering wie m\u00f6glich zu halten. Dort wo Optimierungspotential ist, soll sicherlich auch die Forderung gestellt werden &#8211; zukunftssicher und nachhaltig &#8211; eine verbesserte Vorsorge zu treffen.<\/p>\n<p>zu6) Einen Fond einzurichten der aus mehreren Quellen, auch aus Entsch\u00e4digungszahlungen gespeist wird ist sicherlich m\u00f6glich. Hier ist der Gesetzgeber in Bund und Land gefordert entsprechend t\u00e4tig zu werden.<\/p>\n<p><\/p>\n<p>Mit freundlichen Gr\u00fc\u00dfen<\/p>\n<p>Karl Heinz Spielmanns<\/p>\n<p><\/p>\n<p><strong>Vorsitzender der FREIEN W\u00c4HLER im Rhein Erft Kreis<\/strong>&nbsp;<\/p>\n<p>(Mitglied im Landesverband der FW in NRW)<\/p>\n<p>Kreistagsabgeordneter im Rhein-Erft-Kreis, Fraktionsvorsitzender<\/p>\n<p>Mitglied des Rates der Stadt <span data-ce-class=\"Locations\" data-cmp_removed_location_other=\"0\" data-cmp_removed_location_weather=\"K05362004\" data-cmp_removed_location_name=\"Bedburg\"><span data-ce-class=\"Locations\" data-cmp_parsed_location_other=\"0\" data-cmp_parsed_location_weather=\"K05362004\" data-cmp_parsed_location_name=\"Bedburg\">Bedburg<\/span><\/span><\/p>\n<p><\/p>\n<\/div>\n<div>&nbsp;<\/div>\n<div>&nbsp;<\/div>\n<div>&nbsp;<\/div><\/div>\n\t\t\t\t\t\t\t\t\t<div class=\"elementor-tab-title elementor-tab-mobile-title\" aria-selected=\"false\" data-tab=\"4\" role=\"tab\" tabindex=\"-1\" aria-controls=\"elementor-tab-content-1934\">Die Linke<\/div>\n\t\t\t\t\t<div id=\"elementor-tab-content-1934\" class=\"elementor-tab-content elementor-clearfix\" data-tab=\"4\" role=\"tabpanel\" aria-labelledby=\"elementor-tab-title-1934\" tabindex=\"0\" hidden=\"hidden\"><p>Unser Fragenkatalog wurde vom Fraktionsvorsitzenden und Kandidaten f\u00fcr das Amt des Landrates der Partei <i>Die Linken<\/i> Hans Decruppe beantwortet:<\/p><p>\u00a0<\/p><p>Beantwortung der Fragen des \u201eAktionsb\u00fcndnisses Stommeler B\u00fcrger \u2010 Leben ohne<br \/>Braunkohle \u2013 LOB\u201c zum Thema Braunkohleabbau und dessen Folgen<\/p><p>1. Frage: Wie stehen Sie zu dem Sachverhalt, dass bei Wiederanstieg des Grundwassers nach<br \/>Ende des Tagebaus in absehbarer Zeit die Wasserwerke auf der Erftscholle f\u00fcr die<br \/>Trinkwasserversorgung ausfallen? Durch die Auswaschung von Mineralien aus den Tagebauen<br \/>entstehen Sulfate, die das Grundwasser gro\u00dffl\u00e4chig unbrauchbar machen (aktuell bereits im<br \/>Bereich Glessener Kippe festzustellen).<\/p><p>Antwort: Die Sulfatbelastung aus den Tagebauen, die beim Wiederanstieg des Grundwassers<br \/>die Trinkwasserversorgung in der gesamten Region gef\u00e4hrden wird, ist im Fokus der Linken<br \/>Kreistagsfraktion und unserer Stadtratsfraktionen im Kreisgebiet.<br \/>In diesem Zusammenhang sei darauf hingewiesen, dass wir sowohl als Kreistagsfraktion,<br \/>gemeinsam mit unserer Regionalratsfraktion und Herrn Singer, bereits seit l\u00e4ngerer Zeit aktiv<br \/>gegen die Erweiterung der Deponie in Erfstadt\u2010Diermerzheim sind. Dort w\u00fcrde (nach jetzigem<br \/>Erkenntnisstand) die einzige, nicht von der Sulfatbelastung betroffene Trinkwasserquelle im<br \/>Kreisgebiet, der Gefahr einer anderweitigen Verseuchung ausgesetzt.<\/p><p>2. Frage: Wir sind der Auffassung, dass die Verursacher dieser Sch\u00e4den daf\u00fcr voll umf\u00e4nglich<br \/>haften sollten; welche Position vertreten Sie?<\/p><p>Antwort: Selbstverst\u00e4ndlich muss hier das Verursacherprinzip gelten. Es kann nicht sein, dass<br \/>RWE jahrzehntelang ungeheure Profite einf\u00e4hrt und dann im Grundwasserbereich eine<br \/>Katastrophe zur\u00fcckl\u00e4sst.<\/p><p>3. Frage: Nach unseren Informationen besteht die Gefahr der Kontamination des Grundwassers<br \/>durch ungesicherte Deponien im Erftkreis. Wie sch\u00e4tzen Sie diese ein? Wie ist Ihre<br \/>Informationslage bez\u00fcglich der Altdeponien in den ehemaligen Tagebauen?<\/p><p>Antwort: Wie Sie wissen, sind wir schon seit Jahren in diesem Thema. Anfragen von uns im<br \/>Kreistag und z.B. im Frechener Stadtrat wurden h\u00f6chst unbefriedigend beantwortet. Dar\u00fcber<br \/>fand mit Ihrer Initiative ein reger Austausch statt.<br \/>Unsere Informationen basieren im Wesentlichen auf Ihren Angaben. Hier m\u00f6chten wir uns<br \/>ausdr\u00fccklich bei Herrn Robertz bedanken. Das Schadstoffkataster des Kreises ist hier v\u00f6llig<br \/>unzureichend.<br \/>Insbesondere sind wir f\u00fcr einen Fond f\u00fcr \u201eEwigkeitslasten\u201c aus der Braunkohlegewinnung und<br \/>Verstromung. Hier muss unabh\u00e4ngig von den unzureichenden und intransparenten<br \/>R\u00fcckstellungen von RWE (aber bundesweit auch f\u00fcr andere Energieriesen) von neutraler Stelle<br \/>festgestellt werden, welche Summen ben\u00f6tigt werden, die dann die Verursacher aufzubringen<br \/>haben.<br \/>Es darf nicht, wie zum Beispiel im Atomausstieg, dazu f\u00fchren, dass die Gewinne privatisiert, die<br \/>Folgekosten aber zum gr\u00f6\u00dften Teil sozialisiert und dem Steuerzahler aufgeb\u00fcrdet werden.<\/p><p>4. Frage: Sind Sie der Auffassung, dass der Bergbaubetreiber f\u00fcr entstandene Sch\u00e4den (z. B.<br \/>Risse, Setzungen in Geb\u00e4uden und in der \u00f6ffentlichen Infrastruktur) zeitlich unbegrenzt<br \/>Entsch\u00e4digung leisten soll? Bisher gibt es f\u00fcr die Zukunft noch keine tragf\u00e4hige Regelung f\u00fcr<br \/>Privatleute und Kommunen.<\/p><p>Antwort: Der Bergbautreibende muss als Verursacher f\u00fcr entstandene Sch\u00e4den jeder Art<br \/>zeitlich unbegrenzt haften (siehe Fond unter 3.) Unbedingt erforderlich ist es, dass (wie im<br \/>Steinkohlebergbau) die Beweislast durch eine sog. Bergschadensvermutung umgekehrt wird.<br \/>Gerade der \u201ekleine\u201c Hausbesitzer steht der wirtschaftlichen und juristischen \u00dcbermacht von<br \/>RWE meist schutzlos gegen\u00fcber.<\/p><p>5. Frage: Unterst\u00fctzen Sie den Stommelner Appell (s. Anlage)? Wenn ja, welche M\u00f6glichkeiten<br \/>sehen Sie f\u00fcr sich, den Forderungen Nachdruck zu verleihen?<\/p><p>Antwort: Den \u201eStommelner Apell\u201c haben wir von Anfang an unterst\u00fctzt. Wie Sie wissen, sind<br \/>die Mandatstr\u00e4ger der Linken im Kreistag, Regionalrat und im Braunkohlenausschuss hier stets<br \/>verl\u00e4ssliche Partner gewesen. Wir k\u00f6nnen Ihnen versichern, dass dies auch in Zukunft so sein<br \/>wird.<\/p><p>6. Frage: Schlie\u00dfen Sie sich auch der Forderung an, neben der dringenden historischen<br \/>Erkundung der Altlasten f\u00fcr die sogenannten Ewigkeitslasten des Braunkohlebergbaus einen<br \/>Fond einzurichten, in den z. B. ein Teil der sogenannten Entsch\u00e4digung f\u00fcr die<br \/>Kraftwerksbetreiber eingespeist wird. Damit k\u00f6nnten die Kosten f\u00fcr die wahrscheinlich<br \/>notwendig werdende Dauers\u00fcmpfung im Bereich der Deponien und in durch Wiedervern\u00e4ssung<br \/>gef\u00e4hrdeten Siedlungen aufgefangen werden, Altdeponien erkundet werden sowie zuk\u00fcnftige<br \/>Sch\u00e4den an privatem wie \u00f6ffentlichem Besitz kompensiert werden.<\/p><p>Antwort: Wie bereits unter 3. und 4. ausgef\u00fchrt, ist ein solcher Fond eine unserer zentralen<br \/>Forderungen, die wir gerade im Braunkohlenausschuss und im Kreistag vehement vertreten.<br \/>Aber auch unsere Bundespartei sowie unsere Bundestagsfraktion teilen diese Auffassung und<br \/>haben durch verschieden Initiativen versucht, einen solchen Fond verpflichtend einzuf\u00fchren.<\/p><p>Wir bleiben dran!<br \/>Bergheim, 24.07.20<\/p><p>\u00a0<\/p><p>\u00a0<\/p><p><a href=\"https:\/\/lob-stommeln.de\/wp-content\/uploads\/2020\/08\/Die-Linke-Antworten-zu-Fragen-von-LOB-zum-Thema-Braunkohle-und-dessen-Folgen.pdf\">Und hier gehts zum PDF: Die Linke &#8211; Antworten zu Fragen von LOB zum Thema Braunkohle und dessen Folgen<\/a><\/p><p>\u00a0<\/p><\/div>\n\t\t\t\t\t\t\t\t\t<div class=\"elementor-tab-title elementor-tab-mobile-title\" aria-selected=\"false\" data-tab=\"5\" role=\"tab\" tabindex=\"-1\" aria-controls=\"elementor-tab-content-1935\">B\u00fcndnis 90 \/ Die Gr\u00fcnen<\/div>\n\t\t\t\t\t<div id=\"elementor-tab-content-1935\" class=\"elementor-tab-content elementor-clearfix\" data-tab=\"5\" role=\"tabpanel\" aria-labelledby=\"elementor-tab-title-1935\" tabindex=\"0\" hidden=\"hidden\"><p>Unser Fragenkatalog wurde vom Fraktionsvorsitzenden und Kandidaten f\u00fcr das Amt des Landrates Elmar Gillet beantwortet:<\/p><p>\u00a0<\/p><p>1.\u00a0\u00a0\u00a0 Wie stehen Sie zu dem Sachverhalt, dass bei Wiederanstieg des <br \/>Grundwassers nach Ende des Tagebaus in absehbarer Zeit die Wasserwerke <br \/>auf der Erftscholle f\u00fcr die Trinkwasserversorgung ausfallen? Durch die <br \/>Auswaschung von Mineralien aus den Tagebauen entstehen Sulfate, die das <br \/>Grundwasser gro\u00dffl\u00e4chig unbrauchbar machen (aktuell bereits im Bereich <br \/>Glessener Kippe festzustellen).<br \/><br \/>Dies ist sehr bedenklich, darauf hat auch schon der Erftverband 2018 im <br \/>Regionalrat hingewiesen. Die Wasserschutzzone s\u00fcdlich von Erftstadt soll <br \/>demnach massiv ausgeweitet werden. Im letzten Umweltausschuss haben wir <br \/>daher eine Anfrage gestellt und auch Antwort erhalten. <br \/><a href=\"https:\/\/rhein-erft-kreis.de\/sdnet\/vorgang\/?__=UGhVM0hpd2NXNFdFcExjZTsZKc2Wb_hXHBbCASufCUQ\" target=\"_blank\" rel=\"noopener\">https:\/\/rhein-erft-kreis.de\/sdnet\/vorgang\/?__=UGhVM0hpd2NXNFdFcExjZTsZKc2Wb_hXHBbCASufCUQ<\/a>) <br \/>Die neue Wasserschutzzone IIIB, soll weit in den S\u00fcden hinein gehen, <br \/>siehe Karten im Sitzungsdienst. Wir Gr\u00fcne im Rhein- Erft- Kreis werden <br \/>uns diesem Thema verst\u00e4rkt widmen, da es nicht sein kann, dass <br \/>Dirmerzheim perspektivisch das einzige Wasserwerk sein soll, das ab <br \/>2050\u00a0 m\u00f6glicherweise unseren gesamten Kreis mit Trinkwasser versorgen <br \/>soll, vor allem da die Planungen zu dieser Wasserschutzzone vor dem <br \/>Ausstieg aus der Braunkohle erfolgt sind.<br \/>Jetzt, mit dem Ausstiegsbeschluss, muss von 2035 oder 2040 ausgegangen <br \/>werden.\u00a0 Das Wasserwerk befindet sich auch im Eigentum von RWE, auch das <br \/>ist so nicht hinnehmbar, Daseinsf\u00fchrsorge geh\u00f6rt in kommunale Hand!<br \/>Hinzu kommt, dass ausgerechnet in dieser erweiterten Wasserschutzzone <br \/>auch noch ein Industrie- und Gewerbegebiet geplant werden soll, bzw. <br \/>schon geplant ist: PRIME SITE RHINE im Kreis Euskirchen &#8211; auch hierzu <br \/>erwarten wir Antworten, daher haben wir zum n\u00e4chsten Umweltausschuss <br \/>auch den Erftverband eingeladen. Der kommende Ausschuss wird vermutlich <br \/>im Oktober\/November 2020 tagen. Es w\u00e4re sch\u00f6n, wenn jemand von Ihnen <br \/>anwesend w\u00e4re.<br \/>Perspektivisch m\u00f6chten wir einen \u201eWassertisch\u201c einrichten\u201c, wo wir uns <br \/>mit der Thematik befassen und auch pr\u00fcfen, inwieweit RWE hier im Rahmen <br \/>der Ewigkeitslasten, die Kosten, die auf uns alle zukommen, tragen wird <br \/>bzw. tragen muss. All das muss juristisch gepr\u00fcft und dann durch <br \/>Vertr\u00e4ge untermauert werden, so dass nicht die Allgemeinheit zuk\u00fcnftig <br \/>durch hohe Abgaben und Geb\u00fchren belastet wird.<br \/><br \/>2.\u00a0\u00a0\u00a0 \u00a0Wir sind der Auffassung, dass die Verursacher dieser Sch\u00e4den <br \/>daf\u00fcr voll umf\u00e4nglich haften sollten; welche Position vertreten Sie?<br \/><br \/>Dies Position vertreten wir auch. Es gilt: Gewinne privatisieren und <br \/>Kosten sozialisieren- nicht mit GR\u00dcN. Aus Mitteln von RWE muss eine <br \/>Stiftung gegr\u00fcndet werden, die die Ewigkeitskosten der Tagebaue tr\u00e4gt. <br \/>Nicht nur unser Trinkwasser ist bedroht, gro\u00dfe Teile der Kommunen in der <br \/>Erftaue drohen, durch den Wiederanstieg des Grundwasser abzusaufen- wie <br \/>die Bergheimer Innenstadt. Zudem steht zu bef\u00fcrchten, dass es beim <br \/>Wiederanstieg zu erheblichen Gel\u00e4nderverwerfungen kommen wird, analog zu <br \/>denen durch die fr\u00fchere Grundwasserabsenkung.<br \/><br \/>3.\u00a0\u00a0\u00a0 Nach unseren Informationen besteht die Gefahr der Kontamination <br \/>des Grundwassers durch ungesicherte Deponien im Erftkreis. Wie sch\u00e4tzen <br \/>Sie diese ein? Wie ist Ihre Informationslage bez\u00fcglich der Altdeponien <br \/>in den ehemaligen Tagebauen?<br \/><br \/>Im der letzten Sitzungsperiode haben wir Sie bzw. Herrn Robertz massiv <br \/>unterst\u00fctz, so dass ein Gutachten zum Thema \u201eUntersuchungen zum <br \/>Eluationsverhalten von Braunkohleflugaschen in Abraumkippen\u201c entstanden <br \/>ist, hierzu hatten wir GR\u00dcNE uns im Vorfeld der Erstellung des <br \/>Gutachtens immer wieder mit Herrn Robertz und auch mit Dirk Jansen <br \/>(BUND) ausgetauscht. Leider ist das Gutachten sehr sp\u00e4t ver\u00f6ffentlicht <br \/>worden (August 2019, siehe hier Sitzungsdienst Rhein-Erft-Kreis) und es <br \/>war dann wohl doch eher eine Masterarbeit eines Studenten und hatte nur <br \/>Experimente im Labor als Grundlage. Bei diesen Experimenten wurde durch <br \/>den sogenannten K\u00f6nigswasseraufschluss als Eluationsmethode der gesamte <br \/>eluierbare Vorrat an Spurenstoffen aus den Ascheproben extrahiert. <br \/>Heraus kam dabei wohl laut Gutachten, dass nur der \u201eParameter Arsen\u201c <br \/>minimal oberhalb der einschl\u00e4gigen Pr\u00fcf- und Grenzwerte lag; bei einem <br \/>Vergleich der Ergebnisse nach 24h S\u00e4uleneluation wurde sonst keine <br \/>Freisetzung nachgewiesen, die \u00fcber der Freisetzung nat\u00fcrlicher B\u00f6den <br \/>hinausgeht. Als \u201eNicht-Chemiker\u201c muss ich diesem Ergebnis erstmal glauben.<br \/><br \/>Auch der Erftverband war an der Untersuchung beteiligt und hat wohl <br \/>festgestellt, dass an den beprobten Grundwassermessstellen aus dem <br \/>Ablagerungsbereich von Kraftwerksaschen im (Alt-) Tagebaubereich <br \/>\u201eZukunft-West\u201c und \u201eInden I\u201c\u00a0 (Daten aus 702 Messstellen), dass aus den <br \/>aschebeeinflussten Bereichen abstr\u00f6mende Grundwasser keine erh\u00f6hten <br \/>Spurenstoffkonzentrationen zu besorgen sein.<br \/>Auch dies muss ich erstmal glauben.<br \/>Gegebenenfalls m\u00fcssen weitere Untersuchung erfolgen, um das wirkliche <br \/>Gefahrenpotenzial abzusch\u00e4tzen, dies wollen wir Gr\u00fcne nicht ausschlie\u00dfen <br \/>und werden daher wachsam sein. Wir nehmen hier auch gerne ihre Hinweise <br \/>entgegen.<br \/><br \/>4.\u00a0\u00a0\u00a0 Sind Sie der Auffassung, dass der Bergbaubetreiber f\u00fcr entstandene <br \/>Sch\u00e4den (z. B. Risse, Setzungen in Geb\u00e4uden und in der \u00f6ffentliche <br \/>Infrastruktur) zeitlich unbegrenzt Entsch\u00e4digung leisten soll? Bisher <br \/>gibt es f\u00fcr die Zukunft noch keine tragf\u00e4hige Regelung f\u00fcr Privatleute <br \/>und Kommunen.Ja, wir teilen diese Auffassung, wer verursacht muss haften.<br \/><br \/>5.\u00a0\u00a0\u00a0 Unterst\u00fctzen Sie den Stommelner Appell\u00a0 (s. Anlage) ? Wenn ja, <br \/>welche M\u00f6glichkeiten sehen Sie f\u00fcr sich, den Forderungen Nachdruck zu <br \/>verleihen?<br \/><br \/>Ja, ich unterst\u00fctze Ihre Forderungen. Durch die Unterst\u00fctzung durch <br \/>einen Landrat kann dem Nachdruck verliehen werden und das Handeln der <br \/>Kreisverwaltung muss dies im Rahmen der rechtlichen M\u00f6glichkeiten <br \/>unterst\u00fctzen.<br \/><br \/>6.\u00a0\u00a0\u00a0 Schlie\u00dfen Sie sich auch der Forderung an, neben der dringenden <br \/>historischen Erkundung der Altlasten f\u00fcr die sogenannten Ewigkeitslasten <br \/>des Braunkohlebergbaus einen Fond einzurichten, in den z. B. ein Teil <br \/>der sogenannten Entsch\u00e4digung f\u00fcr die Kraftwerksbetreiber eingespeist <br \/>wird. Damit k\u00f6nnten die Kosten f\u00fcr die wahrscheinlich notwendig werdende <br \/>Dauers\u00fcmpfung im Bereich der Deponien und in durch Wiedervern\u00e4ssung <br \/>gef\u00e4hrdeten Siedlungen aufgefangen werden, Altdeponien erkundet werden <br \/>sowie zuk\u00fcnftige Sch\u00e4den an privatem wie \u00f6ffentlichem Besitz kompensiert <br \/>werden?<br \/><br \/>Ja, so etwas wie die RAG- Stiftung muss auch im Rheinische Revier <br \/>gegr\u00fcndet werden. Dann k\u00f6nnen auch in Zukunft ohne Steuergelder in <br \/>Anspruch zu nehmen, Gutachten und Ma\u00dfnahmen zu den Altlasten finanziert <br \/>werden.<\/p><p><br \/>&#8212; <br \/>GR\u00dcNE Kreistagsfraktion Rhein-Erft-Kreis<br \/>Willy-Brandt-Platz 1, 50126 Bergheim<br \/>T +49 (0) 2271 8318421<\/p><\/div>\n\t\t\t\t\t\t\t\t\t<div class=\"elementor-tab-title elementor-tab-mobile-title\" aria-selected=\"false\" data-tab=\"6\" role=\"tab\" tabindex=\"-1\" aria-controls=\"elementor-tab-content-1936\">Unsere Antwort an Herrn Rock von der CDU<\/div>\n\t\t\t\t\t<div id=\"elementor-tab-content-1936\" class=\"elementor-tab-content elementor-clearfix\" data-tab=\"6\" role=\"tabpanel\" aria-labelledby=\"elementor-tab-title-1936\" tabindex=\"0\" hidden=\"hidden\"><p>Sehr geehrter Herr Rock,<\/p><p>zun\u00e4chst verbindlichen Dank f\u00fcr Ihre \u2013 sehr versp\u00e4tet eintreffende &#8211; Antwort. Wenn Sie f\u00fcr sich entschieden haben, offene Briefe nicht zu beantworten, k\u00f6nnen wir das akzeptieren, wenngleich Sie die Begr\u00fcndung daf\u00fcr schuldig bleiben. Ihre sehr sp\u00e4te Reaktion bleibt uns unverst\u00e4ndlich, vor allem , weil Sie auf die Zusendung Anfang Juli , anders als die meisten Ihrer KollegInnen, \u00fcberhaupt nicht reagiert haben. <\/p><p>Was hinderte Sie daran, uns eine kurze Mitteilung zukommen zu lassen und sich entsprechend zu erkl\u00e4ren? Der offene Brief steht, wie Sie sicher erkannt haben, in direktem Zusammenhang mit der Kommunalwahl. Ein Gespr\u00e4ch nach derselben anzubieten, entspricht nicht der Intention des Briefes und daher f\u00fcr uns allenfalls die zweitbeste L\u00f6sung. Es liegt uns fern, Ihnen zu drohen, wir stellen lediglich fest, dass Ihrerseits keine Stellungnahme erfolgte. Jeder Bewerber um ein politisches Amt sollte doch gewillt sein, seine Position zu schwierigen Zukunftsfragen offen und transparent zu vertreten.<\/p><p>Wir hoffen , dass wir nach der Wahl dennoch zu einem konstruktiven Dialog finden.<\/p><p>Mit freundlichen Gr\u00fc\u00dfen<\/p><p>F\u00fcr das Aktionsb\u00fcndnis<\/p><p>Rudolf Brands<\/p><\/div>\n\t\t\t\t\t\t\t<\/div>\n\t\t<\/div>\n\t\t\t\t<\/div>\n\t\t\t\t<\/div>\n\t\t\t\t<div class=\"elementor-element elementor-element-305b432 elementor-widget elementor-widget-spacer\" data-id=\"305b432\" data-element_type=\"widget\" data-widget_type=\"spacer.default\">\n\t\t\t\t<div class=\"elementor-widget-container\">\n\t\t\t\t\t<div class=\"elementor-spacer\">\n\t\t\t<div class=\"elementor-spacer-inner\"><\/div>\n\t\t<\/div>\n\t\t\t\t<\/div>\n\t\t\t\t<\/div>\n\t\t\t\t<div class=\"elementor-element elementor-element-811bb57 elementor-widget elementor-widget-heading\" data-id=\"811bb57\" data-element_type=\"widget\" data-widget_type=\"heading.default\">\n\t\t\t\t<div class=\"elementor-widget-container\">\n\t\t\t<h2 class=\"elementor-heading-title elementor-size-default\">Presseinformation<br>Antworten zu Fragen an Landrats- und B\u00fcrgermeisterkandidaten zum Thema Folgesch\u00e4den des Braunkohleabbaus<\/h2>\t\t<\/div>\n\t\t\t\t<\/div>\n\t\t\t\t<div class=\"elementor-element elementor-element-9e861b6 elementor-widget elementor-widget-text-editor\" data-id=\"9e861b6\" data-element_type=\"widget\" data-widget_type=\"text-editor.default\">\n\t\t\t\t<div class=\"elementor-widget-container\">\n\t\t\t\t\t<div class=\"elementor-text-editor elementor-clearfix\"><p class=\"MsoNormal\" style=\"margin: 0cm; line-height: normal;\" align=\"center\"><span style=\"mso-fareast-language: de; mso-fareast-font-family: 'Times New Roman'; mso-bidi-font-family: calibri; mso-bidi-font-style: italic;\">\u00a0<\/span><\/p><p class=\"MsoNormal\" style=\"margin: 0cm; line-height: normal;\" align=\"justify\">\u00a0<\/p><p class=\"MsoNormal\" style=\"margin: 0cm; line-height: normal;\"><span style=\"mso-fareast-language: de; mso-fareast-font-family: 'Times New Roman'; mso-bidi-font-family: calibri; mso-bidi-font-style: italic;\"><span style=\"font-size: 11pt;\">Bereits seit Herbst 2018 appellieren das Aktionsb\u00fcndnis Stommelner B\u00fcrger \u201eLeben ohne Braunkohle\u201c (LoB) und das Netzwerk Bergbaugesch\u00e4digter, unterst\u00fctzt von \u00fcber 2000 B\u00fcrgern, an die Landesregierung, die Folgen des Braunkohletagebaus erst recht nach seiner Beendigung, auf die politische Agenda zu stellen.<\/span><\/span><\/p><p class=\"MsoNormal\" style=\"margin: 0cm; line-height: normal;\">\u00a0<\/p><p class=\"MsoNormal\" style=\"margin: 0cm; line-height: normal;\"><span style=\"mso-fareast-language: de; mso-fareast-font-family: 'Times New Roman'; mso-bidi-font-family: calibri; mso-bidi-font-style: italic;\"><span style=\"font-size: 11pt;\">Im Vorfeld der Kommunalwahl hatte das Aktionsb\u00fcndnis Stommelner B\u00fcrger \u201e Leben ohne Braunkohle\u201c LoB auf Grundlage der mit der Landesregierung und dem Erftverband in diesem Zusammenhang gef\u00fchrten Gespr\u00e4che einen Fragenkatalog an die Landratskandidaten und B\u00fcrgermeisterkandidaten f\u00fcr Pulheim mit der Bitte um Stellungnahme verschickt. <\/span><\/span><\/p><p class=\"MsoNormal\" style=\"margin: 0cm; line-height: normal;\"><span style=\"mso-fareast-language: de; mso-fareast-font-family: 'Times New Roman'; mso-bidi-font-family: calibri; mso-bidi-font-style: italic;\"><span style=\"font-size: 11pt;\">Die Antworten liegen mittlerweile vor und k\u00f6nnen auf der Homepage <a style=\"name: _hlk49961150;\">(<\/a><\/span><\/span><span style=\"font-size: 11pt;\"><a style=\"href: 'https:\/\/lob-stommeln.de\/';\"><span style=\"mso-bookmark: _hlk49961150;\"><span style=\"mso-fareast-language: de; mso-fareast-font-family: 'Times New Roman'; mso-bidi-font-family: calibri; mso-bidi-font-style: italic;\"><span style=\"color: #000000;\">https:\/\/lob-stommeln.de\/<\/span><\/span><\/span><\/a><\/span><span style=\"mso-fareast-language: de; mso-fareast-font-family: 'Times New Roman'; mso-bidi-font-family: calibri; mso-bidi-font-style: italic;\"><span style=\"font-size: 11pt;\">) des Aktionsb\u00fcndnis eingesehen werden. <\/span><\/span><\/p><p class=\"MsoNormal\" style=\"margin: 0cm; line-height: normal;\"><span style=\"mso-fareast-language: de; mso-fareast-font-family: 'Times New Roman'; mso-bidi-font-family: calibri; mso-bidi-font-style: italic;\"><span style=\"font-size: 11pt;\">Der Landratskandidat der CDU, Frank Rock, lehnt eine schriftliche Antwort rundweg ab, bietet daf\u00fcr aber ein pers\u00f6nliches Gespr\u00e4ch nach der Wahl an, was der Intention des offenen Briefes widerspricht. Seitens der FDP liegt bis zum jetzigen Zeitpunkt keine Reaktion vor.<\/span><\/span><\/p><p class=\"MsoNormal\" style=\"margin: 0cm; line-height: normal;\"><span style=\"mso-fareast-language: de; mso-fareast-font-family: 'Times New Roman'; mso-bidi-font-family: calibri; mso-bidi-font-style: italic;\"><span style=\"font-size: 11pt;\">Alle anderen Antworten zeigen viele \u00dcbereinstimmungen mit den Forderungen des Aktionsb\u00fcndnisses.<\/span><\/span><\/p><p class=\"MsoNormal\" style=\"margin: 0cm; line-height: normal;\"><span style=\"mso-fareast-language: de; mso-fareast-font-family: 'Times New Roman'; mso-bidi-font-family: calibri; mso-bidi-font-style: italic;\"><span style=\"font-size: 11pt;\">Besonders die der Forderung nach Einrichtung eines Fonds zur finanziellen Absicherung der zu erwartenden Folgesch\u00e4den wird fast uneingeschr\u00e4nkt zugestimmt. Die Notwendigkeit <\/span><\/span><span style=\"mso-bidi-font-style: italic;\"><span style=\"font-size: 11pt;\">einer unabh\u00e4ngigen, fachlich fundierten und transparenten Untersuchung der Folgen der Braunkohlegewinnung und sich daraus ergebender Handlungsnotwendigkeiten und Folgekosten wird von allen bef\u00fcrwortet.<\/span><\/span><\/p><p class=\"MsoNormal\" style=\"margin: 0cm; line-height: normal;\"><span style=\"mso-bidi-font-style: italic;\"><span style=\"font-size: 11pt;\">Das Aktionsb\u00fcndnis wird sich in einigen strittigen Fragen, unter anderem zum Gef\u00e4hrdungspotential bei den Altdeponien, noch im Detail mit einigen Antworten auseinandersetzen, hofft aber f\u00fcr die Zukunft auf tatkr\u00e4ftige Unterst\u00fctzung aus der Kommunalpolitik.<\/span><\/span><\/p><p class=\"MsoNormal\" style=\"margin: 0cm; line-height: normal;\">\u00a0<\/p><p class=\"MsoNormal\" style=\"margin: 0cm; line-height: normal;\" align=\"justify\">\u00a0<\/p><p class=\"MsoNormal\" style=\"margin: 0cm; line-height: normal;\" align=\"justify\"><span style=\"mso-fareast-language: de; mso-fareast-font-family: 'Times New Roman'; mso-bidi-font-family: calibri; mso-bidi-font-style: italic;\"><span style=\"font-size: 11pt;\">Josef Schumacher und Rudolf Brands f\u00fcr Aktionsb\u00fcndnis Stommelner B\u00fcrger \u201eLeben ohne Braunkohle\u201c (LoB)<\/span><\/span><\/p><p class=\"MsoNormal\" style=\"margin: 0cm 0cm 10pt; line-height: 13pt;\" align=\"justify\"><span style=\"line-height: 12pt; mso-fareast-language: de; mso-fareast-font-family: 'Times New Roman'; mso-bidi-font-family: calibri; mso-bidi-font-style: italic;\"><span style=\"font-size: 10pt;\">c\/o: Rudolf Brands<\/span><\/span><span style=\"font-size: 10pt;\"><span lang=\"IT\" style=\"line-height: 12pt; mso-bidi-font-family: calibri; mso-ansi-language: it;\">, <\/span><span style=\"line-height: 12pt; mso-bidi-font-family: calibri;\">Zum Ommelstal 97, 50259 Pulheim Tel.: 02238\/15253<\/span><\/span><span lang=\"FR\" style=\"line-height: 12pt; mso-bidi-font-family: calibri; mso-ansi-language: fr;\"><span style=\"font-size: 10pt;\"> e. mail: rudolfbrands@netcologne.de,<\/span><\/span> <a style=\"href: 'https:\/\/lob-stommeln.de\/';\"><span style=\"line-height: 12pt; mso-fareast-language: de; mso-fareast-font-family: 'Times New Roman'; mso-bidi-font-family: calibri; mso-bidi-font-style: italic;\"><span style=\"font-size: 10pt; color: #0000ff;\">https:\/\/lob-stommeln.de\/<\/span><\/span><\/a><\/p><\/div>\n\t\t\t\t<\/div>\n\t\t\t\t<\/div>\n\t\t\t\t<div class=\"elementor-element elementor-element-c003c28 elementor-widget elementor-widget-spacer\" data-id=\"c003c28\" data-element_type=\"widget\" data-widget_type=\"spacer.default\">\n\t\t\t\t<div class=\"elementor-widget-container\">\n\t\t\t\t\t<div class=\"elementor-spacer\">\n\t\t\t<div class=\"elementor-spacer-inner\"><\/div>\n\t\t<\/div>\n\t\t\t\t<\/div>\n\t\t\t\t<\/div>\n\t\t\t\t\t\t<\/div>\n\t\t\t\t\t<\/div>\n\t\t<\/div>\n\t\t\t\t\t\t\t\t<\/div>\n\t\t\t\t\t<\/div>\n\t\t<\/section>\n\t\t\t\t<section class=\"elementor-section elementor-top-section elementor-element elementor-element-8a49a5b elementor-section-boxed elementor-section-height-default elementor-section-height-default\" data-id=\"8a49a5b\" data-element_type=\"section\">\n\t\t\t\t\t\t<div class=\"elementor-container elementor-column-gap-default\">\n\t\t\t\t\t\t\t<div class=\"elementor-row\">\n\t\t\t\t\t<div class=\"elementor-column elementor-col-33 elementor-top-column elementor-element elementor-element-d00c5c0\" data-id=\"d00c5c0\" data-element_type=\"column\">\n\t\t\t<div class=\"elementor-column-wrap elementor-element-populated\">\n\t\t\t\t\t\t\t<div class=\"elementor-widget-wrap\">\n\t\t\t\t\t\t<div class=\"elementor-element elementor-element-1872ded elementor-widget elementor-widget-button\" data-id=\"1872ded\" data-element_type=\"widget\" data-widget_type=\"button.default\">\n\t\t\t\t<div class=\"elementor-widget-container\">\n\t\t\t\t\t<div class=\"elementor-button-wrapper\">\n\t\t\t<a href=\"#BisherigeAktionen\" class=\"elementor-button-link elementor-button elementor-size-sm\" role=\"button\">\n\t\t\t\t\t\t<span class=\"elementor-button-content-wrapper\">\n\t\t\t\t\t\t<span class=\"elementor-button-text\">Bisherige Aktionen<\/span>\n\t\t<\/span>\n\t\t\t\t\t<\/a>\n\t\t<\/div>\n\t\t\t\t<\/div>\n\t\t\t\t<\/div>\n\t\t\t\t\t\t<\/div>\n\t\t\t\t\t<\/div>\n\t\t<\/div>\n\t\t\t\t<div class=\"elementor-column elementor-col-33 elementor-top-column elementor-element elementor-element-0972fe8\" data-id=\"0972fe8\" data-element_type=\"column\">\n\t\t\t<div class=\"elementor-column-wrap elementor-element-populated\">\n\t\t\t\t\t\t\t<div class=\"elementor-widget-wrap\">\n\t\t\t\t\t\t<div class=\"elementor-element elementor-element-5b4447a elementor-widget elementor-widget-button\" data-id=\"5b4447a\" data-element_type=\"widget\" data-widget_type=\"button.default\">\n\t\t\t\t<div class=\"elementor-widget-container\">\n\t\t\t\t\t<div class=\"elementor-button-wrapper\">\n\t\t\t<a href=\"#PassiverWiderstand\" class=\"elementor-button-link elementor-button elementor-size-sm\" role=\"button\">\n\t\t\t\t\t\t<span class=\"elementor-button-content-wrapper\">\n\t\t\t\t\t\t<span class=\"elementor-button-text\">Passiver Widerstand <\/span>\n\t\t<\/span>\n\t\t\t\t\t<\/a>\n\t\t<\/div>\n\t\t\t\t<\/div>\n\t\t\t\t<\/div>\n\t\t\t\t\t\t<\/div>\n\t\t\t\t\t<\/div>\n\t\t<\/div>\n\t\t\t\t<div class=\"elementor-column elementor-col-33 elementor-top-column elementor-element elementor-element-57b07cf\" data-id=\"57b07cf\" data-element_type=\"column\">\n\t\t\t<div class=\"elementor-column-wrap elementor-element-populated\">\n\t\t\t\t\t\t\t<div class=\"elementor-widget-wrap\">\n\t\t\t\t\t\t<div class=\"elementor-element elementor-element-7a01a52 elementor-widget elementor-widget-button\" data-id=\"7a01a52\" data-element_type=\"widget\" data-widget_type=\"button.default\">\n\t\t\t\t<div class=\"elementor-widget-container\">\n\t\t\t\t\t<div class=\"elementor-button-wrapper\">\n\t\t\t<a href=\"#PassiverWiderstand\" class=\"elementor-button-link elementor-button elementor-size-sm\" role=\"button\">\n\t\t\t\t\t\t<span class=\"elementor-button-content-wrapper\">\n\t\t\t\t\t\t<span class=\"elementor-button-text\">Links \/ Aktuelles<\/span>\n\t\t<\/span>\n\t\t\t\t\t<\/a>\n\t\t<\/div>\n\t\t\t\t<\/div>\n\t\t\t\t<\/div>\n\t\t\t\t\t\t<\/div>\n\t\t\t\t\t<\/div>\n\t\t<\/div>\n\t\t\t\t\t\t\t\t<\/div>\n\t\t\t\t\t<\/div>\n\t\t<\/section>\n\t\t\t\t<section class=\"elementor-section elementor-top-section elementor-element elementor-element-e3704f6 elementor-section-boxed elementor-section-height-default elementor-section-height-default\" data-id=\"e3704f6\" data-element_type=\"section\">\n\t\t\t\t\t\t<div class=\"elementor-container elementor-column-gap-default\">\n\t\t\t\t\t\t\t<div class=\"elementor-row\">\n\t\t\t\t\t<div class=\"elementor-column elementor-col-100 elementor-top-column elementor-element elementor-element-fe6f94e\" data-id=\"fe6f94e\" data-element_type=\"column\">\n\t\t\t<div class=\"elementor-column-wrap elementor-element-populated\">\n\t\t\t\t\t\t\t<div class=\"elementor-widget-wrap\">\n\t\t\t\t\t\t<div class=\"elementor-element elementor-element-5e947a9 elementor-tabs-view-horizontal elementor-widget elementor-widget-tabs\" data-id=\"5e947a9\" data-element_type=\"widget\" data-widget_type=\"tabs.default\">\n\t\t\t\t<div class=\"elementor-widget-container\">\n\t\t\t\t\t<div class=\"elementor-tabs\">\n\t\t\t<div class=\"elementor-tabs-wrapper\" role=\"tablist\" >\n\t\t\t\t\t\t\t\t\t<div id=\"elementor-tab-title-9911\" class=\"elementor-tab-title elementor-tab-desktop-title\" aria-selected=\"true\" data-tab=\"1\" role=\"tab\" tabindex=\"0\" aria-controls=\"elementor-tab-content-9911\"><a href=\"\">Wer wir sind<\/a><\/div>\n\t\t\t\t\t\t\t\t\t<div id=\"elementor-tab-title-9912\" class=\"elementor-tab-title elementor-tab-desktop-title\" aria-selected=\"false\" data-tab=\"2\" role=\"tab\" tabindex=\"-1\" aria-controls=\"elementor-tab-content-9912\"><a href=\"\">Feinstaub<\/a><\/div>\n\t\t\t\t\t\t\t\t\t<div id=\"elementor-tab-title-9913\" class=\"elementor-tab-title elementor-tab-desktop-title\" aria-selected=\"false\" data-tab=\"3\" role=\"tab\" tabindex=\"-1\" aria-controls=\"elementor-tab-content-9913\"><a href=\"\">Altablagerungen \/ Altlasten<\/a><\/div>\n\t\t\t\t\t\t\t\t\t<div id=\"elementor-tab-title-9914\" class=\"elementor-tab-title elementor-tab-desktop-title\" aria-selected=\"false\" data-tab=\"4\" role=\"tab\" tabindex=\"-1\" aria-controls=\"elementor-tab-content-9914\"><a href=\"\">Ansprechpartner<\/a><\/div>\n\t\t\t\t\t\t\t<\/div>\n\t\t\t<div class=\"elementor-tabs-content-wrapper\" role=\"tablist\" aria-orientation=\"vertical\">\n\t\t\t\t\t\t\t\t\t<div class=\"elementor-tab-title elementor-tab-mobile-title\" aria-selected=\"true\" data-tab=\"1\" role=\"tab\" tabindex=\"0\" aria-controls=\"elementor-tab-content-9911\">Wer wir sind<\/div>\n\t\t\t\t\t<div id=\"elementor-tab-content-9911\" class=\"elementor-tab-content elementor-clearfix\" data-tab=\"1\" role=\"tabpanel\" aria-labelledby=\"elementor-tab-title-9911\" tabindex=\"0\" hidden=\"false\"><p>Das Aktionsb\u00fcndnis \u201eLeben ohne Braunkohle\u201c arbeitet als politisch unabh\u00e4ngige Gruppe von B\u00fcrgerinnen und B\u00fcrgern aus Stommeln. Das B\u00fcndnis besteht mit kurzen Unterbrechungen seit ca. 35 Jahren. Anlass f\u00fcr die Gr\u00fcndung der Gruppe war die Luftverschmutzung, damals insbesondere durch SO<sub>2 . <\/sub>In diesem Zusammenhang haben wir uns f\u00fcr das damals beste Entschwefelungsverfahren (Kalkw\u00e4sche) eingesetzt. In der N\u00e4he unseres Ortes werden Jahr f\u00fcr Jahr mehr als 100 Millionen Tonnen Braunkohle verbrannt, mit gravierenden Folgen, sowohl lokal (Grundwasserabsenkung, Bergsch\u00e4den, Feinstaub-emissionen\u2026) als auch global (Millionen von Tonnen CO<sub>2 <\/sub> tragen ma\u00dfgeblich zum Klimawandel bei).<\/p><p>Wesentlich f\u00fcr unsere Arbeit ist die Durchf\u00fchrung von Informationsveranstaltungen (in der Regel mit ausgewiesenen ExpertInnen), um mit den B\u00fcrgerInnen \u00fcber derzeitige Probleme , gleichzeitig aber auch m\u00f6gliche L\u00f6sungsans\u00e4tze ins Gespr\u00e4ch zu kommen. Wir unternehmen auch kontinuierlich Vorst\u00f6\u00dfe in politische Gremien (Stadtrat, Rhein-Erft-Kreis, Landesregierung) um z.B. in Form von B\u00fcrgerantr\u00e4gen und Petitionen Bewegung in die Debatte um Energie und Umwelt zu bringen. Nicht zuletzt ist uns aber auch wichtig, Initiativen f\u00fcr die Etablierung regenerativer Energien im lokalen Umfeld einzubringen (z.B. Installation von PV-Anlagen auf \u00f6ffentlichen\/kirchlichen Geb\u00e4uden, B\u00fcrgerntr\u00e4ge f\u00fcr Projekte auf st\u00e4dtischer Ebene etc.)<\/p><p>Wesentlich f\u00fcr unsere Arbeit ist die Durchf\u00fchrung von Informationsveranstaltungen (in der Regel mit ausgewiesenen ExpertInnen), um mit den B\u00fcrgerInnen \u00fcber derzeitige Probleme , gleichzeitig aber auch m\u00f6gliche L\u00f6sungsans\u00e4tze ins Gespr\u00e4ch zu kommen. Wir unternehmen auch kontinuierlich Vorst\u00f6\u00dfe in politische Gremien (Stadtrat, Rhein-Erft-Kreis, Landesregierung) um z.B. in Form von B\u00fcrgerantr\u00e4gen und Petitionen Bewegung in die Debatte um Energie und Umwelt zu bringen. Nicht zuletzt ist uns aber auch wichtig, Initiativen f\u00fcr die Etablierung regenerativer Energien im lokalen Umfeld einzubringen (z.B. Installation von PV-Anlagen auf \u00f6ffentlichen\/kirchlichen Geb\u00e4uden, B\u00fcrgerntr\u00e4ge f\u00fcr Projekte auf st\u00e4dtischer Ebene etc.)<\/p><\/div>\n\t\t\t\t\t\t\t\t\t<div class=\"elementor-tab-title elementor-tab-mobile-title\" aria-selected=\"false\" data-tab=\"2\" role=\"tab\" tabindex=\"-1\" aria-controls=\"elementor-tab-content-9912\">Feinstaub<\/div>\n\t\t\t\t\t<div id=\"elementor-tab-content-9912\" class=\"elementor-tab-content elementor-clearfix\" data-tab=\"2\" role=\"tabpanel\" aria-labelledby=\"elementor-tab-title-9912\" tabindex=\"0\" hidden=\"hidden\"><p>Klicke den Bearbeitungs-Button um diesen Text zu ver\u00e4ndern. Lorem ipsum dolor sit amet, consectetur adipiscing elit. Ut elit tellus, luctus nec ullamcorper mattis, pulvinar dapibus leo.<\/p><\/div>\n\t\t\t\t\t\t\t\t\t<div class=\"elementor-tab-title elementor-tab-mobile-title\" aria-selected=\"false\" data-tab=\"3\" role=\"tab\" tabindex=\"-1\" aria-controls=\"elementor-tab-content-9913\">Altablagerungen \/ Altlasten<\/div>\n\t\t\t\t\t<div id=\"elementor-tab-content-9913\" class=\"elementor-tab-content elementor-clearfix\" data-tab=\"3\" role=\"tabpanel\" aria-labelledby=\"elementor-tab-title-9913\" tabindex=\"0\" hidden=\"hidden\">Tab-Inhalt<\/div>\n\t\t\t\t\t\t\t\t\t<div class=\"elementor-tab-title elementor-tab-mobile-title\" aria-selected=\"false\" data-tab=\"4\" role=\"tab\" tabindex=\"-1\" aria-controls=\"elementor-tab-content-9914\">Ansprechpartner<\/div>\n\t\t\t\t\t<div id=\"elementor-tab-content-9914\" class=\"elementor-tab-content elementor-clearfix\" data-tab=\"4\" role=\"tabpanel\" aria-labelledby=\"elementor-tab-title-9914\" tabindex=\"0\" hidden=\"hidden\"><ul><li>Rudolf Brands, Tel: +49 177 6338150, Mail: rudolfbrands at netcologne.de<\/li><li>Gaby Kotte-W\u00e4chter, Tel: +49 163 8641673, Mail: gabykw63 at gmail.com<\/li><\/ul><\/div>\n\t\t\t\t\t\t\t<\/div>\n\t\t<\/div>\n\t\t\t\t<\/div>\n\t\t\t\t<\/div>\n\t\t\t\t\t\t<\/div>\n\t\t\t\t\t<\/div>\n\t\t<\/div>\n\t\t\t\t\t\t\t\t<\/div>\n\t\t\t\t\t<\/div>\n\t\t<\/section>\n\t\t\t\t<section class=\"elementor-section elementor-top-section elementor-element elementor-element-0707ff2 elementor-section-boxed elementor-section-height-default elementor-section-height-default\" data-id=\"0707ff2\" data-element_type=\"section\">\n\t\t\t\t\t\t<div class=\"elementor-container elementor-column-gap-default\">\n\t\t\t\t\t\t\t<div class=\"elementor-row\">\n\t\t\t\t\t<div class=\"elementor-column elementor-col-100 elementor-top-column elementor-element elementor-element-4804ff9\" data-id=\"4804ff9\" data-element_type=\"column\">\n\t\t\t<div class=\"elementor-column-wrap elementor-element-populated\">\n\t\t\t\t\t\t\t<div class=\"elementor-widget-wrap\">\n\t\t\t\t\t\t\t\t<\/div>\n\t\t\t\t\t<\/div>\n\t\t<\/div>\n\t\t\t\t\t\t\t\t<\/div>\n\t\t\t\t\t<\/div>\n\t\t<\/section>\n\t\t\t\t<section class=\"elementor-section elementor-top-section elementor-element elementor-element-c4fe587 elementor-section-boxed elementor-section-height-default elementor-section-height-default\" data-id=\"c4fe587\" data-element_type=\"section\">\n\t\t\t\t\t\t<div class=\"elementor-container elementor-column-gap-default\">\n\t\t\t\t\t\t\t<div class=\"elementor-row\">\n\t\t\t\t\t<div class=\"elementor-column elementor-col-100 elementor-top-column elementor-element elementor-element-5b352d7\" data-id=\"5b352d7\" data-element_type=\"column\">\n\t\t\t<div class=\"elementor-column-wrap elementor-element-populated\">\n\t\t\t\t\t\t\t<div class=\"elementor-widget-wrap\">\n\t\t\t\t\t\t<div class=\"elementor-element elementor-element-d0c9628 elementor-invisible elementor-widget elementor-widget-heading\" data-id=\"d0c9628\" data-element_type=\"widget\" data-settings=\"{&quot;_animation&quot;:&quot;tada&quot;}\" data-widget_type=\"heading.default\">\n\t\t\t\t<div class=\"elementor-widget-container\">\n\t\t\t<h2 class=\"elementor-heading-title elementor-size-default\"><a href=\"https:\/\/weact.campact.de\/petitions\/stommelner-appell-folgen-des-braunkohletagebaus-transparent-machen?from_action_confirmation=true&#038;signature_token=32ad1219f9bba92213fe389cf0c7a79677845a00\">Stommelner Appell<\/a><\/h2>\t\t<\/div>\n\t\t\t\t<\/div>\n\t\t\t\t\t\t<\/div>\n\t\t\t\t\t<\/div>\n\t\t<\/div>\n\t\t\t\t\t\t\t\t<\/div>\n\t\t\t\t\t<\/div>\n\t\t<\/section>\n\t\t\t\t<section class=\"elementor-section elementor-top-section elementor-element elementor-element-fba180b elementor-section-boxed elementor-section-height-default elementor-section-height-default\" data-id=\"fba180b\" data-element_type=\"section\">\n\t\t\t\t\t\t<div class=\"elementor-container elementor-column-gap-default\">\n\t\t\t\t\t\t\t<div class=\"elementor-row\">\n\t\t\t\t\t<div class=\"elementor-column elementor-col-100 elementor-top-column elementor-element elementor-element-f5543e9\" data-id=\"f5543e9\" data-element_type=\"column\">\n\t\t\t<div class=\"elementor-column-wrap elementor-element-populated\">\n\t\t\t\t\t\t\t<div class=\"elementor-widget-wrap\">\n\t\t\t\t\t\t<div class=\"elementor-element elementor-element-94b545b elementor-widget elementor-widget-heading\" data-id=\"94b545b\" data-element_type=\"widget\" data-widget_type=\"heading.default\">\n\t\t\t\t<div class=\"elementor-widget-container\">\n\t\t\t<h2 class=\"elementor-heading-title elementor-size-default\">Unsere Dokumente<\/h2>\t\t<\/div>\n\t\t\t\t<\/div>\n\t\t\t\t<section class=\"elementor-section elementor-inner-section elementor-element elementor-element-8666686 elementor-section-boxed elementor-section-height-default elementor-section-height-default\" data-id=\"8666686\" data-element_type=\"section\">\n\t\t\t\t\t\t<div class=\"elementor-container elementor-column-gap-default\">\n\t\t\t\t\t\t\t<div class=\"elementor-row\">\n\t\t\t\t\t<div class=\"elementor-column elementor-col-100 elementor-inner-column elementor-element elementor-element-282e661\" data-id=\"282e661\" data-element_type=\"column\">\n\t\t\t<div class=\"elementor-column-wrap elementor-element-populated\">\n\t\t\t\t\t\t\t<div class=\"elementor-widget-wrap\">\n\t\t\t\t\t\t<div class=\"elementor-element elementor-element-5ec277a elementor-icon-list--layout-traditional elementor-list-item-link-full_width elementor-invisible elementor-widget elementor-widget-icon-list\" data-id=\"5ec277a\" data-element_type=\"widget\" data-settings=\"{&quot;_animation&quot;:&quot;fadeIn&quot;}\" data-widget_type=\"icon-list.default\">\n\t\t\t\t<div class=\"elementor-widget-container\">\n\t\t\t\t\t<ul class=\"elementor-icon-list-items\">\n\t\t\t\t\t\t\t<li class=\"elementor-icon-list-item\">\n\t\t\t\t\t<a href=\"https:\/\/lob-stommeln.de\/wp-content\/uploads\/2019\/03\/19-03-17-PI-LoB-wartet-auf-Antwort.pdf\">\t\t\t\t\t\t<span class=\"elementor-icon-list-icon\">\n\t\t\t\t\t\t\t\t\t\t\t\t\t\t\t\t<i class=\"fa fa-download\" aria-hidden=\"true\"><\/i>\n\t\t\t\t\t\t\t\t\t\t\t\t\t<\/span>\n\t\t\t\t\t\t\t\t\t\t<span class=\"elementor-icon-list-text\">LoB wartet auf Antwort von Ministerpr\u00e4sident Laschet<br><\/span>\n\t\t\t\t\t\t\t\t\t\t\t<\/a>\n\t\t\t\t\t\t\t\t\t<\/li>\n\t\t\t\t\t\t\t\t<li class=\"elementor-icon-list-item\">\n\t\t\t\t\t<a href=\"https:\/\/lob-stommeln.de\/wp-content\/uploads\/2019\/03\/Stommelner-Appell-Version-2.pdf\">\t\t\t\t\t\t<span class=\"elementor-icon-list-icon\">\n\t\t\t\t\t\t\t\t\t\t\t\t\t\t\t\t<i class=\"fa fa-download\" aria-hidden=\"true\"><\/i>\n\t\t\t\t\t\t\t\t\t\t\t\t\t<\/span>\n\t\t\t\t\t\t\t\t\t\t<span class=\"elementor-icon-list-text\">Stommelner Appell<\/span>\n\t\t\t\t\t\t\t\t\t\t\t<\/a>\n\t\t\t\t\t\t\t\t\t<\/li>\n\t\t\t\t\t\t\t\t<li class=\"elementor-icon-list-item\">\n\t\t\t\t\t<a href=\"https:\/\/lob-stommeln.de\/wp-content\/uploads\/2019\/03\/19-01-22-PI-Folgesch\u00e4den_Braunkohle_Offener-Brief.pdf\">\t\t\t\t\t\t<span class=\"elementor-icon-list-icon\">\n\t\t\t\t\t\t\t\t\t\t\t\t\t\t\t\t<i class=\"fa fa-download\" aria-hidden=\"true\"><\/i>\n\t\t\t\t\t\t\t\t\t\t\t\t\t<\/span>\n\t\t\t\t\t\t\t\t\t\t<span class=\"elementor-icon-list-text\">Offener Brief: Folgesch\u00e4den der Braunkohle<\/span>\n\t\t\t\t\t\t\t\t\t\t\t<\/a>\n\t\t\t\t\t\t\t\t\t<\/li>\n\t\t\t\t\t\t\t\t<li class=\"elementor-icon-list-item\">\n\t\t\t\t\t<a href=\"https:\/\/lob-stommeln.de\/wp-content\/uploads\/2019\/03\/Kraftwerksrestoffdeponien.pdf\">\t\t\t\t\t\t<span class=\"elementor-icon-list-icon\">\n\t\t\t\t\t\t\t\t\t\t\t\t\t\t\t\t<i class=\"fa fa-download\" aria-hidden=\"true\"><\/i>\n\t\t\t\t\t\t\t\t\t\t\t\t\t<\/span>\n\t\t\t\t\t\t\t\t\t\t<span class=\"elementor-icon-list-text\">Reststoffdeponien der Kraftwerke<\/span>\n\t\t\t\t\t\t\t\t\t\t\t<\/a>\n\t\t\t\t\t\t\t\t\t<\/li>\n\t\t\t\t\t\t\t\t<li class=\"elementor-icon-list-item\">\n\t\t\t\t\t<a href=\"https:\/\/lob-stommeln.de\/wp-content\/uploads\/2019\/03\/Offener-Brief_19-01-18.pdf\">\t\t\t\t\t\t<span class=\"elementor-icon-list-icon\">\n\t\t\t\t\t\t\t\t\t\t\t\t\t\t\t\t<i class=\"fa fa-download\" aria-hidden=\"true\"><\/i>\n\t\t\t\t\t\t\t\t\t\t\t\t\t<\/span>\n\t\t\t\t\t\t\t\t\t\t<span class=\"elementor-icon-list-text\">Offener Brief vom 19-01-18 an Ministerpr\u00e4sident Laschet<\/span>\n\t\t\t\t\t\t\t\t\t\t\t<\/a>\n\t\t\t\t\t\t\t\t\t<\/li>\n\t\t\t\t\t\t\t\t<li class=\"elementor-icon-list-item\">\n\t\t\t\t\t<a href=\"https:\/\/lob-stommeln.de\/wp-content\/uploads\/2019\/05\/10.04.2019.Entgegnung_laschet.pdf\" target=\"_blank\">\t\t\t\t\t\t<span class=\"elementor-icon-list-icon\">\n\t\t\t\t\t\t\t\t\t\t\t\t\t\t\t\t<i class=\"fa fa-download\" aria-hidden=\"true\"><\/i>\n\t\t\t\t\t\t\t\t\t\t\t\t\t<\/span>\n\t\t\t\t\t\t\t\t\t\t<span class=\"elementor-icon-list-text\">Antwort von Ministerpr\u00e4sident Laschet<\/span>\n\t\t\t\t\t\t\t\t\t\t\t<\/a>\n\t\t\t\t\t\t\t\t\t<\/li>\n\t\t\t\t\t\t\t\t<li class=\"elementor-icon-list-item\">\n\t\t\t\t\t<a href=\"https:\/\/lob-stommeln.de\/wp-content\/uploads\/2019\/05\/12.04.2019.Brief_Pinkwart.pdf\">\t\t\t\t\t\t<span class=\"elementor-icon-list-icon\">\n\t\t\t\t\t\t\t\t\t\t\t\t\t\t\t\t<i class=\"fa fa-download\" aria-hidden=\"true\"><\/i>\n\t\t\t\t\t\t\t\t\t\t\t\t\t<\/span>\n\t\t\t\t\t\t\t\t\t\t<span class=\"elementor-icon-list-text\">Brief an Dr Pinkwart (Wirtschaftsminister des Landes NRW)<\/span>\n\t\t\t\t\t\t\t\t\t\t\t<\/a>\n\t\t\t\t\t\t\t\t\t<\/li>\n\t\t\t\t\t\t\t\t<li class=\"elementor-icon-list-item\">\n\t\t\t\t\t<a href=\"https:\/\/lob-stommeln.de\/wp-content\/uploads\/2019\/05\/19.05.05.PI-LoB-h\u00e4lt-an-Appell-fest.pdf%20\">\t\t\t\t\t\t<span class=\"elementor-icon-list-icon\">\n\t\t\t\t\t\t\t\t\t\t\t\t\t\t\t\t<i class=\"fa fa-download\" aria-hidden=\"true\"><\/i>\n\t\t\t\t\t\t\t\t\t\t\t\t\t<\/span>\n\t\t\t\t\t\t\t\t\t\t<span class=\"elementor-icon-list-text\">LoB h\u00e4lt am Stommelner Appell fest<\/span>\n\t\t\t\t\t\t\t\t\t\t\t<\/a>\n\t\t\t\t\t\t\t\t\t<\/li>\n\t\t\t\t\t\t\t\t<li class=\"elementor-icon-list-item\">\n\t\t\t\t\t<a href=\"https:\/\/lob-stommeln.de\/wp-content\/uploads\/2019\/05\/PresseerklaerungVeranstaltung06.12.2017.pdf\">\t\t\t\t\t\t<span class=\"elementor-icon-list-icon\">\n\t\t\t\t\t\t\t\t\t\t\t\t\t\t\t\t<i class=\"fa fa-download\" aria-hidden=\"true\"><\/i>\n\t\t\t\t\t\t\t\t\t\t\t\t\t<\/span>\n\t\t\t\t\t\t\t\t\t\t<span class=\"elementor-icon-list-text\">Presseerkl\u00e4rung vom 06.12.2017: Feinstaubbelastung in Stommeln<\/span>\n\t\t\t\t\t\t\t\t\t\t\t<\/a>\n\t\t\t\t\t\t\t\t\t<\/li>\n\t\t\t\t\t\t\t\t<li class=\"elementor-icon-list-item\">\n\t\t\t\t\t<a href=\"https:\/\/lob-stommeln.de\/wp-content\/uploads\/2019\/05\/Rhein-Erft-Kreis_Karte.Altablagerungen.Grundwasserkoerper.2017.pdf\">\t\t\t\t\t\t<span class=\"elementor-icon-list-icon\">\n\t\t\t\t\t\t\t\t\t\t\t\t\t\t\t\t<i class=\"fa fa-download\" aria-hidden=\"true\"><\/i>\n\t\t\t\t\t\t\t\t\t\t\t\t\t<\/span>\n\t\t\t\t\t\t\t\t\t\t<span class=\"elementor-icon-list-text\">Rhein-Erft-Kreis: Karte der  Altablagerungen im Bereich des Grundwasserk\u00f6rpers<\/span>\n\t\t\t\t\t\t\t\t\t\t\t<\/a>\n\t\t\t\t\t\t\t\t\t<\/li>\n\t\t\t\t\t\t\t\t<li class=\"elementor-icon-list-item\">\n\t\t\t\t\t<a href=\"https:\/\/lob-stommeln.de\/wp-content\/uploads\/2019\/08\/Pressemitteilung_7_19.pdf\">\t\t\t\t\t\t<span class=\"elementor-icon-list-icon\">\n\t\t\t\t\t\t\t\t\t\t\t\t\t\t\t\t<i class=\"fa fa-download\" aria-hidden=\"true\"><\/i>\n\t\t\t\t\t\t\t\t\t\t\t\t\t<\/span>\n\t\t\t\t\t\t\t\t\t\t<span class=\"elementor-icon-list-text\">Pressemitteilung: Offener Brief an Laschet, Stommeler Appell<\/span>\n\t\t\t\t\t\t\t\t\t\t\t<\/a>\n\t\t\t\t\t\t\t\t\t<\/li>\n\t\t\t\t\t\t\t\t<li class=\"elementor-icon-list-item\">\n\t\t\t\t\t<a href=\"https:\/\/lob-stommeln.de\/wp-content\/uploads\/2019\/08\/19-08-21-PI-Ewigkeitslasten-in-Abrede-gestellt.pdf\">\t\t\t\t\t\t<span class=\"elementor-icon-list-icon\">\n\t\t\t\t\t\t\t\t\t\t\t\t\t\t\t\t<i class=\"fa fa-download\" aria-hidden=\"true\"><\/i>\n\t\t\t\t\t\t\t\t\t\t\t\t\t<\/span>\n\t\t\t\t\t\t\t\t\t\t<span class=\"elementor-icon-list-text\">Pressemitteilung: Ewigkeitslasten durch Braunkohleabbau in Abrede gestellt<\/span>\n\t\t\t\t\t\t\t\t\t\t\t<\/a>\n\t\t\t\t\t\t\t\t\t<\/li>\n\t\t\t\t\t\t<\/ul>\n\t\t\t\t<\/div>\n\t\t\t\t<\/div>\n\t\t\t\t\t\t<\/div>\n\t\t\t\t\t<\/div>\n\t\t<\/div>\n\t\t\t\t\t\t\t\t<\/div>\n\t\t\t\t\t<\/div>\n\t\t<\/section>\n\t\t\t\t\t\t<\/div>\n\t\t\t\t\t<\/div>\n\t\t<\/div>\n\t\t\t\t\t\t\t\t<\/div>\n\t\t\t\t\t<\/div>\n\t\t<\/section>\n\t\t\t\t<section class=\"elementor-section elementor-top-section elementor-element elementor-element-99e3940 elementor-section-boxed elementor-section-height-default elementor-section-height-default\" data-id=\"99e3940\" data-element_type=\"section\">\n\t\t\t\t\t\t<div class=\"elementor-container elementor-column-gap-default\">\n\t\t\t\t\t\t\t<div class=\"elementor-row\">\n\t\t\t\t\t<div class=\"elementor-column elementor-col-100 elementor-top-column elementor-element elementor-element-66f0b07\" data-id=\"66f0b07\" data-element_type=\"column\">\n\t\t\t<div class=\"elementor-column-wrap elementor-element-populated\">\n\t\t\t\t\t\t\t<div class=\"elementor-widget-wrap\">\n\t\t\t\t\t\t<div class=\"elementor-element elementor-element-c726945 elementor-widget elementor-widget-accordion\" data-id=\"c726945\" data-element_type=\"widget\" data-widget_type=\"accordion.default\">\n\t\t\t\t<div class=\"elementor-widget-container\">\n\t\t\t\t\t<div class=\"elementor-accordion\" role=\"tablist\">\n\t\t\t\t\t\t\t<div class=\"elementor-accordion-item\">\n\t\t\t\t\t<div id=\"elementor-tab-title-2081\" class=\"elementor-tab-title\" data-tab=\"1\" role=\"tab\" aria-controls=\"elementor-tab-content-2081\">\n\t\t\t\t\t\t\t\t\t\t\t\t\t<span class=\"elementor-accordion-icon elementor-accordion-icon-left\" aria-hidden=\"true\">\n\t\t\t\t\t\t\t\t\t\t\t\t\t\t\t<i class=\"elementor-accordion-icon-closed fa fa-plus\"><\/i>\n\t\t\t\t\t\t\t\t<i class=\"elementor-accordion-icon-opened fa fa-minus\"><\/i>\n\t\t\t\t\t\t\t\t\t\t\t\t\t\t<\/span>\n\t\t\t\t\t\t\t\t\t\t\t\t<a class=\"elementor-accordion-title\" href=\"\">Leserbrief zum Thema Altlasten im Boden<\/a>\n\t\t\t\t\t<\/div>\n\t\t\t\t\t<div id=\"elementor-tab-content-2081\" class=\"elementor-tab-content elementor-clearfix\" data-tab=\"1\" role=\"tabpanel\" aria-labelledby=\"elementor-tab-title-2081\"><p><i>Das <\/i><i><a href=\"https:\/\/antikohleblog.com\/2018\/09\/10\/aktionsbuendnis-stommelner-buerger-leben-ohne-braunkohle-die-spaetfolgen-der-braunkohle\/\" target=\"_blank\" rel=\"noopener noreferrer\">Aktionsb\u00fcndnis Stommelner B\u00fcrger \u201eLeben ohne Braunkohle\u201c<\/a><\/i><i> hatte Ende 2018 den \u201eStommelner Apell\u201c \u00fcber Sch\u00e4den und Altlasten der Braunkohlentagebaue verfasst.<\/i><i><br \/><\/i><i> Es hei\u00dft \u201eGef\u00e4hrdung des nun wiederansteigenden Grundwassers durch Altlasten wie Kraftwerksaschen, Restm\u00fcll oder Munitionsr\u00fcckst\u00e4nde.\u201c Nicht in Vergessenheit geraten, soll die Tatsache, dass in der <\/i><i><a href=\"https:\/\/de.wikipedia.org\/wiki\/Tagebau_Berrenrath\" target=\"_blank\" rel=\"noopener noreferrer\">Berrenrather B\u00f6rde<\/a><\/i><i> eine <\/i><i><a href=\"https:\/\/de.wikipedia.org\/wiki\/Senfgas\" target=\"_blank\" rel=\"noopener noreferrer\">riesige Menge Giftgasgranaten, z.B. mit Senfgas<\/a><\/i><i>, lagert. Vor Jahren berichtete die K\u00f6lnische Rundschau dar\u00fcber. In den 50ger Jahren wusste man nicht wohin mit diesen Restbest\u00e4nden des 2. Weltkrieges und transportierte diese sogar von Koblenz aus in unsere Gegend, um sie hier in einer tiefen Braunkohlengrube zu sammeln und dann mit Erde oder Abraum zuzusch\u00fctten. Die Stadtverwaltung Kerpen befasste sich in ihrer Umweltschutzwoche vom 26.6. bis 5.7.1987 in einer Ausstellung mit der \u201eDarstellung von Altlasten\u201c, darunter \u201eGiftgasgranaten in der Berrenrather B\u00f6rde\u201c.<\/i><i><br \/><\/i><i> Diese bedrohen nicht nur das Grundwasser, sondern durch aufsteigende Gase und Gasgemische auch die Luft. Bei den heutigen technischen M\u00f6glichkeiten ist es machbar, diese gef\u00e4hrlichen Zeitbomben wieder auszugraben und fachgerecht zu entsorgen. Zun\u00e4chst w\u00e4ren daf\u00fcr verantwortlich die Bundeswehr, die fr\u00fcheren Grubeneigent\u00fcmer und die Vertreter der umliegenden Kommunen, die es wussten oder zulie\u00dfen. Deren Nachfolger k\u00f6nnten zum jetzigen Zeitpunkt daf\u00fcr Mittel f\u00fcr den Strukturwandel einfordern. Beim Ausgraben k\u00f6nnen die Gro\u00dfger\u00e4te von RWE und das Fachwissen der Mitarbeiter helfen. Nicht nur die Luftverschmutzung von oben ist ungesund, sondern auch die heimliche Verseuchung und Vergiftung von unten, die nach so viel Jahrzehnten ganz pl\u00f6tzlich durch Verrotten der Giftgasgranaten akut werden kann. Da ist jetzt schnell f\u00fcr Abhilfe zu sorgen. Der fr\u00fchere Kerpener B\u00fcrgermeister Peter M\u00fcller schrieb 1987 in seinem Gru\u00dfwort zur Umweltschutzwoche \u201eWir haben die Erde von unseren Kindern geborgt. Wir m\u00fcssen behutsam mit ihr umgehen. Dieser bedeutungsvolle Satz spricht sehr direkt jeden einzelnen in seiner ganz pers\u00f6nlichen Verantwortung f\u00fcr das Ganze an.\u201c<\/i><i><br \/><\/i><i> Waltraud Schnell<\/i><i><br \/><\/i><i> Leipziger Str. 20<\/i><i><br \/><\/i><i> 50170 Kerpen<\/i><\/p><\/div>\n\t\t\t\t<\/div>\n\t\t\t\t\t<\/div>\n\t\t\t\t<\/div>\n\t\t\t\t<\/div>\n\t\t\t\t\t\t<\/div>\n\t\t\t\t\t<\/div>\n\t\t<\/div>\n\t\t\t\t\t\t\t\t<\/div>\n\t\t\t\t\t<\/div>\n\t\t<\/section>\n\t\t\t\t<section class=\"elementor-section elementor-top-section elementor-element elementor-element-cf3c73c elementor-section-boxed elementor-section-height-default elementor-section-height-default\" data-id=\"cf3c73c\" data-element_type=\"section\">\n\t\t\t\t\t\t<div class=\"elementor-container elementor-column-gap-default\">\n\t\t\t\t\t\t\t<div class=\"elementor-row\">\n\t\t\t\t\t<div class=\"elementor-column elementor-col-100 elementor-top-column elementor-element elementor-element-467804c\" data-id=\"467804c\" data-element_type=\"column\">\n\t\t\t<div class=\"elementor-column-wrap elementor-element-populated\">\n\t\t\t\t\t\t\t<div class=\"elementor-widget-wrap\">\n\t\t\t\t\t\t<div class=\"elementor-element elementor-element-17b5239 elementor-arrows-position-inside elementor-pagination-position-outside elementor-widget elementor-widget-image-carousel\" data-id=\"17b5239\" data-element_type=\"widget\" data-settings=\"{&quot;slides_to_show&quot;:&quot;1&quot;,&quot;speed&quot;:400,&quot;navigation&quot;:&quot;both&quot;,&quot;autoplay&quot;:&quot;yes&quot;,&quot;pause_on_hover&quot;:&quot;yes&quot;,&quot;pause_on_interaction&quot;:&quot;yes&quot;,&quot;autoplay_speed&quot;:5000,&quot;infinite&quot;:&quot;yes&quot;,&quot;effect&quot;:&quot;slide&quot;}\" data-widget_type=\"image-carousel.default\">\n\t\t\t\t<div class=\"elementor-widget-container\">\n\t\t\t\t\t<div class=\"elementor-image-carousel-wrapper swiper-container\" dir=\"ltr\">\n\t\t\t<div class=\"elementor-image-carousel swiper-wrapper swiper-image-stretch\">\n\t\t\t\t<div class=\"swiper-slide\"><figure class=\"swiper-slide-inner\"><img class=\"swiper-slide-image\" src=\"https:\/\/lob-stommeln.de\/wp-content\/uploads\/2019\/03\/Fotovoltaikanlage-Haus-Schauff-1024x724.jpg\" alt=\"Fotovoltaikanlage Haus Schauff \/ Stommeln\" \/><\/figure><\/div><div class=\"swiper-slide\"><figure class=\"swiper-slide-inner\"><img class=\"swiper-slide-image\" src=\"https:\/\/lob-stommeln.de\/wp-content\/uploads\/2019\/02\/StommelnImSchatten-1024x680.png\" alt=\"StommelnImSchatten\" \/><\/figure><\/div><div class=\"swiper-slide\"><figure class=\"swiper-slide-inner\"><img class=\"swiper-slide-image\" src=\"https:\/\/lob-stommeln.de\/wp-content\/uploads\/2019\/02\/Eingemauert-1024x770.jpg\" alt=\"Eingemauert\" \/><\/figure><\/div><div class=\"swiper-slide\"><figure class=\"swiper-slide-inner\"><img class=\"swiper-slide-image\" src=\"https:\/\/lob-stommeln.de\/wp-content\/uploads\/2020\/08\/RWE-Erdrutsch-im-Braunkohletagebau.jpeg\" alt=\"RWE Erdrutsch im Braunkohletagebau\" \/><\/figure><\/div>\t\t\t<\/div>\n\t\t\t\t\t\t\t\t\t\t\t\t<div class=\"swiper-pagination\"><\/div>\n\t\t\t\t\t\t\t\t\t\t\t\t\t<div class=\"elementor-swiper-button elementor-swiper-button-prev\">\n\t\t\t\t\t\t<i class=\"eicon-chevron-left\" aria-hidden=\"true\"><\/i>\n\t\t\t\t\t\t<span class=\"elementor-screen-only\">Zur\u00fcck<\/span>\n\t\t\t\t\t<\/div>\n\t\t\t\t\t<div class=\"elementor-swiper-button elementor-swiper-button-next\">\n\t\t\t\t\t\t<i class=\"eicon-chevron-right\" aria-hidden=\"true\"><\/i>\n\t\t\t\t\t\t<span class=\"elementor-screen-only\">Weiter<\/span>\n\t\t\t\t\t<\/div>\n\t\t\t\t\t\t\t\t\t<\/div>\n\t\t\t\t<\/div>\n\t\t\t\t<\/div>\n\t\t\t\t\t\t<\/div>\n\t\t\t\t\t<\/div>\n\t\t<\/div>\n\t\t\t\t\t\t\t\t<\/div>\n\t\t\t\t\t<\/div>\n\t\t<\/section>\n\t\t\t\t<section class=\"elementor-section elementor-top-section elementor-element elementor-element-4224af0 elementor-section-boxed elementor-section-height-default elementor-section-height-default\" data-id=\"4224af0\" data-element_type=\"section\">\n\t\t\t\t\t\t<div class=\"elementor-container elementor-column-gap-default\">\n\t\t\t\t\t\t\t<div class=\"elementor-row\">\n\t\t\t\t\t<div class=\"elementor-column elementor-col-100 elementor-top-column elementor-element elementor-element-2a9a798\" data-id=\"2a9a798\" data-element_type=\"column\">\n\t\t\t<div class=\"elementor-column-wrap\">\n\t\t\t\t\t\t\t<div class=\"elementor-widget-wrap\">\n\t\t\t\t\t\t\t\t<\/div>\n\t\t\t\t\t<\/div>\n\t\t<\/div>\n\t\t\t\t\t\t\t\t<\/div>\n\t\t\t\t\t<\/div>\n\t\t<\/section>\n\t\t\t\t<section class=\"elementor-section elementor-top-section elementor-element elementor-element-77ec94b elementor-section-boxed elementor-section-height-default elementor-section-height-default\" data-id=\"77ec94b\" data-element_type=\"section\">\n\t\t\t\t\t\t<div class=\"elementor-container elementor-column-gap-default\">\n\t\t\t\t\t\t\t<div class=\"elementor-row\">\n\t\t\t\t\t<div class=\"elementor-column elementor-col-100 elementor-top-column elementor-element elementor-element-cbf5a7a\" data-id=\"cbf5a7a\" data-element_type=\"column\">\n\t\t\t<div class=\"elementor-column-wrap\">\n\t\t\t\t\t\t\t<div class=\"elementor-widget-wrap\">\n\t\t\t\t\t\t\t\t<\/div>\n\t\t\t\t\t<\/div>\n\t\t<\/div>\n\t\t\t\t\t\t\t\t<\/div>\n\t\t\t\t\t<\/div>\n\t\t<\/section>\n\t\t\t\t<section class=\"elementor-section elementor-top-section elementor-element elementor-element-fcf4134 elementor-section-boxed elementor-section-height-default elementor-section-height-default\" data-id=\"fcf4134\" data-element_type=\"section\">\n\t\t\t\t\t\t<div class=\"elementor-container elementor-column-gap-default\">\n\t\t\t\t\t\t\t<div class=\"elementor-row\">\n\t\t\t\t\t<div class=\"elementor-column elementor-col-100 elementor-top-column elementor-element elementor-element-59199e1\" data-id=\"59199e1\" data-element_type=\"column\">\n\t\t\t<div class=\"elementor-column-wrap\">\n\t\t\t\t\t\t\t<div class=\"elementor-widget-wrap\">\n\t\t\t\t\t\t\t\t<\/div>\n\t\t\t\t\t<\/div>\n\t\t<\/div>\n\t\t\t\t\t\t\t\t<\/div>\n\t\t\t\t\t<\/div>\n\t\t<\/section>\n\t\t\t\t<section class=\"elementor-section elementor-top-section elementor-element elementor-element-4f7267c elementor-section-boxed elementor-section-height-default elementor-section-height-default\" data-id=\"4f7267c\" data-element_type=\"section\">\n\t\t\t\t\t\t<div class=\"elementor-container elementor-column-gap-default\">\n\t\t\t\t\t\t\t<div class=\"elementor-row\">\n\t\t\t\t\t<div class=\"elementor-column elementor-col-100 elementor-top-column elementor-element elementor-element-5b3369b\" data-id=\"5b3369b\" data-element_type=\"column\">\n\t\t\t<div class=\"elementor-column-wrap elementor-element-populated\">\n\t\t\t\t\t\t\t<div class=\"elementor-widget-wrap\">\n\t\t\t\t\t\t<div class=\"elementor-element elementor-element-0802a7d elementor-widget elementor-widget-menu-anchor\" data-id=\"0802a7d\" data-element_type=\"widget\" data-widget_type=\"menu-anchor.default\">\n\t\t\t\t<div class=\"elementor-widget-container\">\n\t\t\t\t\t<div id=\"BisherigeAktionen\" class=\"elementor-menu-anchor\"><\/div>\n\t\t\t\t<\/div>\n\t\t\t\t<\/div>\n\t\t\t\t<div class=\"elementor-element elementor-element-f11cc0c elementor-widget elementor-widget-heading\" data-id=\"f11cc0c\" data-element_type=\"widget\" data-widget_type=\"heading.default\">\n\t\t\t\t<div class=\"elementor-widget-container\">\n\t\t\t<h2 class=\"elementor-heading-title elementor-size-default\"><style type=\"text\/css\"><\/style><b>Bisherige Aktionen<\/b><\/h2>\t\t<\/div>\n\t\t\t\t<\/div>\n\t\t\t\t<div class=\"elementor-element elementor-element-e7e5ef2 elementor-widget elementor-widget-text-editor\" data-id=\"e7e5ef2\" data-element_type=\"widget\" data-widget_type=\"text-editor.default\">\n\t\t\t\t<div class=\"elementor-widget-container\">\n\t\t\t\t\t<div class=\"elementor-text-editor elementor-clearfix\"><p><style type=\"text\/css\">p { margin-bottom: 0.25cm; direction: ltr; line-height: 120%; text-align: left; }<\/style><\/p><p style=\"margin-bottom: 0.35cm; line-height: 115%;\" align=\"justify\">Der \u00dcbersichtlichkeit halber folgt eine stichwortartige Liste:<\/p><ul><li><p style=\"margin-bottom: 0.35cm; line-height: 115%;\" align=\"justify\">1982ff , Einsatz f\u00fcr die bestm\u00f6gliche Entschwefelung der RWE-Kraftwerke (Nassverfahren)<\/p><\/li><li><p style=\"margin-bottom: 0.35cm; line-height: 115%;\" align=\"justify\">Unterst\u00fctzung der lokalen Elterninitiative \u201ePseudokrupp\u201c<\/p><\/li><li><p style=\"margin-bottom: 0.35cm; line-height: 115%;\" align=\"justify\">Versuch ,K\u00fchlturmableitung der Rauchgase zu verhindern, gemeinsame Aktion mit \u201eRobin Wood\u201c, Konzert mit den Bl\u00e4ckf\u00f6\u00f6ss<\/p><\/li><li><p style=\"margin-bottom: 0.35cm; line-height: 115%;\" align=\"justify\">Beauftragung gutachterlicher Stellungnahme zur Entschwefelung beim \u00d6koinstitut Darmstadt<\/p><\/li><li><p style=\"margin-bottom: 0.35cm; line-height: 115%;\" align=\"justify\">Veranstaltungen zu den Konzessionsvertr\u00e4gen, die die Kommune vom Stromkonzern abh\u00e4ngig machen. Pulheim schlie\u00dft 1988 dennoch einen neuen Konzessionsvertrag mit 20j\u00e4hriger Laufzeit ab<\/p><\/li><li><p style=\"margin-bottom: 0.35cm; line-height: 115%;\" align=\"justify\">Kontinuierliche Aktionen zur Verbreitung regenerativer Energien<\/p><\/li><li><p style=\"margin-bottom: 0.35cm; line-height: 115%;\" align=\"justify\">Solaranlage auf dem katholischen Gemeindehaus als Projekt initiiert und durchgef\u00fchrt, einschlie\u00dflich umfangreicher \u00d6ffentlichkeitsarbeit (2000)<\/p><\/li><li><p style=\"margin-bottom: 0.35cm; line-height: 115%;\" align=\"justify\">Initiierung des B\u00fcrgerforums \u201eZukunft statt Braunkohle\u201c in Pulheim, Verabschiedung des \u201ePulheimer Manifests\u201c (2006)<\/p><\/li><li><p style=\"margin-bottom: 0.35cm; line-height: 115%;\" align=\"justify\">Feinstaubbelastung thematisiert, Messstation der Landesanstalt f\u00fcr Immisionsschutz f\u00fcr 6 Monate in Stommeln aufgestellt<\/p><\/li><li><p style=\"margin-bottom: 0.35cm; line-height: 115%;\" align=\"justify\">Mehrere Informationsveranstaltungen zu Gesundbelastung durch Feinstaub mit Experten<\/p><\/li><li><p style=\"margin-bottom: 0.35cm; line-height: 115%;\" align=\"justify\">Weiteres Eintreten f\u00fcr kommunale Energiehoheit, in Pulheim werden 2008 Stadtwerke gegr\u00fcndet<\/p><\/li><li><p style=\"margin-bottom: 0.35cm; line-height: 115%;\" align=\"justify\">Mit wirkung an Demonstrationen gegen den Bau neuer Braunkohlekraftwerke (BoA 2,3)<\/p><\/li><li><p style=\"margin-bottom: 0.35cm; line-height: 115%;\" align=\"justify\">\u00d6ffentliche Veranstaltungen zur Energiewende<\/p><\/li><li><p style=\"margin-bottom: 0.35cm; line-height: 115%;\" align=\"justify\">Recherchen zu Altlasten und deren Gefahrenpotential<\/p><\/li><li><p style=\"margin-bottom: 0.35cm; line-height: 115%;\" align=\"justify\">Veranstaltungen zu Bergsch\u00e4den und Grundwasser Bedrohung \u201enach der Braunkohle\u201c (seit 2014)<\/p><\/li><li><p style=\"margin-bottom: 0.35cm; line-height: 115%;\" align=\"justify\">Verabschiedung des \u201eStommelner Appells\u201c und Unterschriftensammlung mit Forderung an Landesregierung , die Folgen des Braunkohletagebaus auf die politische Agenda zu stellen (2018\/2019)<\/p><\/li><\/ul><\/div>\n\t\t\t\t<\/div>\n\t\t\t\t<\/div>\n\t\t\t\t\t\t<\/div>\n\t\t\t\t\t<\/div>\n\t\t<\/div>\n\t\t\t\t\t\t\t\t<\/div>\n\t\t\t\t\t<\/div>\n\t\t<\/section>\n\t\t\t\t<section class=\"elementor-section elementor-top-section elementor-element elementor-element-1245fe2 elementor-section-boxed elementor-section-height-default elementor-section-height-default\" data-id=\"1245fe2\" data-element_type=\"section\">\n\t\t\t\t\t\t<div class=\"elementor-container elementor-column-gap-default\">\n\t\t\t\t\t\t\t<div class=\"elementor-row\">\n\t\t\t\t\t<div class=\"elementor-column elementor-col-100 elementor-top-column elementor-element elementor-element-5d10a1e\" data-id=\"5d10a1e\" data-element_type=\"column\">\n\t\t\t<div class=\"elementor-column-wrap elementor-element-populated\">\n\t\t\t\t\t\t\t<div class=\"elementor-widget-wrap\">\n\t\t\t\t\t\t<div class=\"elementor-element elementor-element-7fbacfa elementor-widget elementor-widget-menu-anchor\" data-id=\"7fbacfa\" data-element_type=\"widget\" data-widget_type=\"menu-anchor.default\">\n\t\t\t\t<div class=\"elementor-widget-container\">\n\t\t\t\t\t<div id=\"PassiverWiderstand\" class=\"elementor-menu-anchor\"><\/div>\n\t\t\t\t<\/div>\n\t\t\t\t<\/div>\n\t\t\t\t<div class=\"elementor-element elementor-element-dbdd23c elementor-widget elementor-widget-heading\" data-id=\"dbdd23c\" data-element_type=\"widget\" data-widget_type=\"heading.default\">\n\t\t\t\t<div class=\"elementor-widget-container\">\n\t\t\t<h2 class=\"elementor-heading-title elementor-size-default\">Leistet passiven Widerstand<\/h2>\t\t<\/div>\n\t\t\t\t<\/div>\n\t\t\t\t<div class=\"elementor-element elementor-element-824625f elementor-widget elementor-widget-text-editor\" data-id=\"824625f\" data-element_type=\"widget\" data-widget_type=\"text-editor.default\">\n\t\t\t\t<div class=\"elementor-widget-container\">\n\t\t\t\t\t<div class=\"elementor-text-editor elementor-clearfix\"><ul><li>Beteilige dich an einer B\u00fcrgerinitiative<\/li><li>Kauft jeweils eine Aktie von jeder Firma, die den Klimawandel voran treibt. Geht in gro\u00dfer Zahl zur Hauptversammlung. Stellt Fragen im Vorfeld, die der Vorstand auf der Hauptversammlung beantworten soll. Meldet Euch in der HV zu Wort. Verweigert die Entlastung von Vorstand und Aufsichtsrat<\/li><li>Kaufe deinen Strom bei einem sauberen Anbieter<\/li><li>Gehe zu Demonstrationen und Aktionen<\/li><li>Schreibe an deinen Landtags- oder Bundestagsabgeordneten oder rufe ihn an<\/li><li>Seid unbequem!<\/li><\/ul><\/div>\n\t\t\t\t<\/div>\n\t\t\t\t<\/div>\n\t\t\t\t\t\t<\/div>\n\t\t\t\t\t<\/div>\n\t\t<\/div>\n\t\t\t\t\t\t\t\t<\/div>\n\t\t\t\t\t<\/div>\n\t\t<\/section>\n\t\t\t\t<section class=\"elementor-section elementor-top-section elementor-element elementor-element-09bc748 elementor-section-boxed elementor-section-height-default elementor-section-height-default\" data-id=\"09bc748\" data-element_type=\"section\">\n\t\t\t\t\t\t<div class=\"elementor-container elementor-column-gap-default\">\n\t\t\t\t\t\t\t<div class=\"elementor-row\">\n\t\t\t\t\t<div class=\"elementor-column elementor-col-100 elementor-top-column elementor-element elementor-element-05d42e6\" data-id=\"05d42e6\" data-element_type=\"column\">\n\t\t\t<div class=\"elementor-column-wrap elementor-element-populated\">\n\t\t\t\t\t\t\t<div class=\"elementor-widget-wrap\">\n\t\t\t\t\t\t<div class=\"elementor-element elementor-element-0bc0ec2 elementor-widget elementor-widget-heading\" data-id=\"0bc0ec2\" data-element_type=\"widget\" data-widget_type=\"heading.default\">\n\t\t\t\t<div class=\"elementor-widget-container\">\n\t\t\t<h2 class=\"elementor-heading-title elementor-size-default\">Links \/ Aktuelles<\/h2>\t\t<\/div>\n\t\t\t\t<\/div>\n\t\t\t\t<div class=\"elementor-element elementor-element-bccebef elementor-widget elementor-widget-button\" data-id=\"bccebef\" data-element_type=\"widget\" data-widget_type=\"button.default\">\n\t\t\t\t<div class=\"elementor-widget-container\">\n\t\t\t\t\t<div class=\"elementor-button-wrapper\">\n\t\t\t<a href=\"https:\/\/www.hambach-a4.de\/22-januar-2020-milliardenschwere-entschaedigungszahlungen-an-kraftwerksbetreiber\" target=\"_blank\" rel=\"nofollow\" class=\"elementor-button-link elementor-button elementor-size-sm\" role=\"button\">\n\t\t\t\t\t\t<span class=\"elementor-button-content-wrapper\">\n\t\t\t\t\t\t<span class=\"elementor-button-text\">Milliardenzahlung an RWE - Eine Analyse von Willi Robertz<\/span>\n\t\t<\/span>\n\t\t\t\t\t<\/a>\n\t\t<\/div>\n\t\t\t\t<\/div>\n\t\t\t\t<\/div>\n\t\t\t\t<div class=\"elementor-element elementor-element-c0cfcc4 elementor-widget elementor-widget-button\" data-id=\"c0cfcc4\" data-element_type=\"widget\" data-widget_type=\"button.default\">\n\t\t\t\t<div class=\"elementor-widget-container\">\n\t\t\t\t\t<div class=\"elementor-button-wrapper\">\n\t\t\t<a href=\"https:\/\/youtu.be\/CEPD2Wvkado\" target=\"_blank\" rel=\"nofollow\" class=\"elementor-button-link elementor-button elementor-size-sm\" role=\"button\">\n\t\t\t\t\t\t<span class=\"elementor-button-content-wrapper\">\n\t\t\t\t\t\t<span class=\"elementor-button-text\">Gesundheitliche Folgen der Kohleverstromung<\/span>\n\t\t<\/span>\n\t\t\t\t\t<\/a>\n\t\t<\/div>\n\t\t\t\t<\/div>\n\t\t\t\t<\/div>\n\t\t\t\t<div class=\"elementor-element elementor-element-7ff093a elementor-widget elementor-widget-button\" data-id=\"7ff093a\" data-element_type=\"widget\" data-widget_type=\"button.default\">\n\t\t\t\t<div class=\"elementor-widget-container\">\n\t\t\t\t\t<div class=\"elementor-button-wrapper\">\n\t\t\t<a href=\"https:\/\/www.justiz.nrw\/JM\/Presse\/presse_weitere\/PresseOVG\/12_03_2019_2\/index.php\" target=\"_blank\" rel=\"nofollow\" class=\"elementor-button-link elementor-button elementor-size-sm\" role=\"button\">\n\t\t\t\t\t\t<span class=\"elementor-button-content-wrapper\">\n\t\t\t\t\t\t<span class=\"elementor-button-text\">Urteil vom VG K\u00f6ln vom  12.03.2019 im Verfahren BUND gegen das Land NRW - Leider in allen Punkten verloren<\/span>\n\t\t<\/span>\n\t\t\t\t\t<\/a>\n\t\t<\/div>\n\t\t\t\t<\/div>\n\t\t\t\t<\/div>\n\t\t\t\t<div class=\"elementor-element elementor-element-b7a119f elementor-widget elementor-widget-button\" data-id=\"b7a119f\" data-element_type=\"widget\" data-widget_type=\"button.default\">\n\t\t\t\t<div class=\"elementor-widget-container\">\n\t\t\t\t\t<div class=\"elementor-button-wrapper\">\n\t\t\t<a href=\"https:\/\/weact.campact.de\/petitions\/stommelner-appell-folgen-des-braunkohletagebaus-transparent-machen\" target=\"_blank\" rel=\"nofollow\" class=\"elementor-button-link elementor-button elementor-size-sm\" role=\"button\">\n\t\t\t\t\t\t<span class=\"elementor-button-content-wrapper\">\n\t\t\t\t\t\t<span class=\"elementor-button-text\">Unser Stommelner Appell - Bitte unterschreiben!<\/span>\n\t\t<\/span>\n\t\t\t\t\t<\/a>\n\t\t<\/div>\n\t\t\t\t<\/div>\n\t\t\t\t<\/div>\n\t\t\t\t<div class=\"elementor-element elementor-element-24702c2 elementor-widget elementor-widget-button\" data-id=\"24702c2\" data-element_type=\"widget\" data-widget_type=\"button.default\">\n\t\t\t\t<div class=\"elementor-widget-container\">\n\t\t\t\t\t<div class=\"elementor-button-wrapper\">\n\t\t\t<a href=\"https:\/\/windeg.de\/tagebau-hambach-und-a4-verlegung\/\" target=\"_blank\" rel=\"nofollow\" class=\"elementor-button-link elementor-button elementor-size-sm\" role=\"button\">\n\t\t\t\t\t\t<span class=\"elementor-button-content-wrapper\">\n\t\t\t\t\t\t<span class=\"elementor-button-text\">\u00dcber den Unsinn der Verlegung der A4 und die langfristige Zementierung der Macht der RWE<\/span>\n\t\t<\/span>\n\t\t\t\t\t<\/a>\n\t\t<\/div>\n\t\t\t\t<\/div>\n\t\t\t\t<\/div>\n\t\t\t\t<div class=\"elementor-element elementor-element-f4776fe elementor-widget__width-initial elementor-widget elementor-widget-button\" data-id=\"f4776fe\" data-element_type=\"widget\" data-widget_type=\"button.default\">\n\t\t\t\t<div class=\"elementor-widget-container\">\n\t\t\t\t\t<div class=\"elementor-button-wrapper\">\n\t\t\t<a href=\"https:\/\/luftdaten.info\/\" target=\"_blank\" rel=\"nofollow\" class=\"elementor-button-link elementor-button elementor-size-sm\" role=\"button\">\n\t\t\t\t\t\t<span class=\"elementor-button-content-wrapper\">\n\t\t\t\t\t\t<span class=\"elementor-button-text\">Feinstaub selber messen - Ein Me\u00dfger\u00e4t f\u00fcr den Eigenbau - Ganz einfach!<\/span>\n\t\t<\/span>\n\t\t\t\t\t<\/a>\n\t\t<\/div>\n\t\t\t\t<\/div>\n\t\t\t\t<\/div>\n\t\t\t\t<div class=\"elementor-element elementor-element-5e9c6ae elementor-widget__width-initial elementor-widget elementor-widget-button\" data-id=\"5e9c6ae\" data-element_type=\"widget\" data-widget_type=\"button.default\">\n\t\t\t\t<div class=\"elementor-widget-container\">\n\t\t\t\t\t<div class=\"elementor-button-wrapper\">\n\t\t\t<a href=\"https:\/\/lob-stommeln.de\/wp-content\/uploads\/2019\/05\/Feinstaub%20selber%20messen.pdf\" target=\"_blank\" rel=\"nofollow\" class=\"elementor-button-link elementor-button elementor-size-sm\" role=\"button\">\n\t\t\t\t\t\t<span class=\"elementor-button-content-wrapper\">\n\t\t\t\t\t\t<span class=\"elementor-button-text\">Feinstaub selber messen -  Unsere lokale Auswertung<\/span>\n\t\t<\/span>\n\t\t\t\t\t<\/a>\n\t\t<\/div>\n\t\t\t\t<\/div>\n\t\t\t\t<\/div>\n\t\t\t\t<div class=\"elementor-element elementor-element-4266eb7 elementor-widget elementor-widget-text-editor\" data-id=\"4266eb7\" data-element_type=\"widget\" data-widget_type=\"text-editor.default\">\n\t\t\t\t<div class=\"elementor-widget-container\">\n\t\t\t\t\t<div class=\"elementor-text-editor elementor-clearfix\"><\/div>\n\t\t\t\t<\/div>\n\t\t\t\t<\/div>\n\t\t\t\t\t\t<\/div>\n\t\t\t\t\t<\/div>\n\t\t<\/div>\n\t\t\t\t\t\t\t\t<\/div>\n\t\t\t\t\t<\/div>\n\t\t<\/section>\n\t\t\t\t<section class=\"elementor-section elementor-top-section elementor-element elementor-element-c1401f0 elementor-section-boxed elementor-section-height-default elementor-section-height-default\" data-id=\"c1401f0\" data-element_type=\"section\">\n\t\t\t\t\t\t<div class=\"elementor-container elementor-column-gap-default\">\n\t\t\t\t\t\t\t<div class=\"elementor-row\">\n\t\t\t\t\t<div class=\"elementor-column elementor-col-100 elementor-top-column elementor-element elementor-element-9be0284\" data-id=\"9be0284\" data-element_type=\"column\">\n\t\t\t<div class=\"elementor-column-wrap elementor-element-populated\">\n\t\t\t\t\t\t\t<div class=\"elementor-widget-wrap\">\n\t\t\t\t\t\t<div class=\"elementor-element elementor-element-60f4a93 elementor-aspect-ratio-169 elementor-widget elementor-widget-video\" data-id=\"60f4a93\" data-element_type=\"widget\" data-settings=\"{&quot;youtube_url&quot;:&quot;https:\\\/\\\/youtu.be\\\/XfoXh2dZFlo&quot;,&quot;video_type&quot;:&quot;youtube&quot;,&quot;controls&quot;:&quot;yes&quot;,&quot;aspect_ratio&quot;:&quot;169&quot;}\" data-widget_type=\"video.default\">\n\t\t\t\t<div class=\"elementor-widget-container\">\n\t\t\t\t\t<div class=\"elementor-wrapper elementor-fit-aspect-ratio elementor-open-inline\">\n\t\t\t<div class=\"elementor-video\"><\/div>\t\t<\/div>\n\t\t\t\t<\/div>\n\t\t\t\t<\/div>\n\t\t\t\t\t\t<\/div>\n\t\t\t\t\t<\/div>\n\t\t<\/div>\n\t\t\t\t\t\t\t\t<\/div>\n\t\t\t\t\t<\/div>\n\t\t<\/section>\n\t\t\t\t<section class=\"elementor-section elementor-top-section elementor-element elementor-element-615a008 elementor-section-boxed elementor-section-height-default elementor-section-height-default\" data-id=\"615a008\" data-element_type=\"section\">\n\t\t\t\t\t\t<div class=\"elementor-container elementor-column-gap-default\">\n\t\t\t\t\t\t\t<div class=\"elementor-row\">\n\t\t\t\t\t<div class=\"elementor-column elementor-col-100 elementor-top-column elementor-element elementor-element-d0828f0\" data-id=\"d0828f0\" data-element_type=\"column\">\n\t\t\t<div class=\"elementor-column-wrap elementor-element-populated\">\n\t\t\t\t\t\t\t<div class=\"elementor-widget-wrap\">\n\t\t\t\t\t\t<div class=\"elementor-element elementor-element-b052497 elementor-widget elementor-widget-google_maps\" data-id=\"b052497\" data-element_type=\"widget\" data-widget_type=\"google_maps.default\">\n\t\t\t\t<div class=\"elementor-widget-container\">\n\t\t\t<div class=\"elementor-custom-embed\"><iframe frameborder=\"0\" scrolling=\"no\" marginheight=\"0\" marginwidth=\"0\" src=\"https:\/\/maps.google.com\/maps?q=Stommeln&amp;t=m&amp;z=10&amp;output=embed&amp;iwloc=near\" title=\"Stommeln\" aria-label=\"Stommeln\"><\/iframe><\/div>\t\t<\/div>\n\t\t\t\t<\/div>\n\t\t\t\t\t\t<\/div>\n\t\t\t\t\t<\/div>\n\t\t<\/div>\n\t\t\t\t\t\t\t\t<\/div>\n\t\t\t\t\t<\/div>\n\t\t<\/section>\n\t\t\t\t\t\t<\/div>\n\t\t\t\t\t\t<\/div>\n\t\t\t\t\t<\/div>\n\t\t","protected":false},"excerpt":{"rendered":"<p>Aktionsb\u00fcndnis Stommelner B\u00fcrgerLeben ohne Braunkohle Klima retten &#8211; Erneuerbare Energien ausbauen &#8211; Regionalwirtschaft st\u00e4rken &#8211; Zukunftsf\u00e4hige Arbeitspl\u00e4tze schaffen &#8211; Heimat bewahren &#8211; Natur sch\u00fctzen &#8211; Lebensqualit\u00e4t sichern PressemitteilungBetr.: Befragung der Pulheimer RatsvertreterInnen zum Klimaschutz in Pulheim&#8211;Erste Ergebnisse Pulheim, 29.04.2021 Ende Januar bat das Aktionsb\u00fcndnis alle RatsvertreterInnen in schriftlicher Form pers\u00f6nlich um eine Darlegung Ihres Verst\u00e4ndnisses&nbsp; [&hellip;]<\/p>\n","protected":false},"author":1,"featured_media":0,"parent":0,"menu_order":0,"comment_status":"closed","ping_status":"closed","template":"elementor_header_footer","meta":[],"_links":{"self":[{"href":"https:\/\/lob-stommeln.de\/index.php\/wp-json\/wp\/v2\/pages\/7"}],"collection":[{"href":"https:\/\/lob-stommeln.de\/index.php\/wp-json\/wp\/v2\/pages"}],"about":[{"href":"https:\/\/lob-stommeln.de\/index.php\/wp-json\/wp\/v2\/types\/page"}],"author":[{"embeddable":true,"href":"https:\/\/lob-stommeln.de\/index.php\/wp-json\/wp\/v2\/users\/1"}],"replies":[{"embeddable":true,"href":"https:\/\/lob-stommeln.de\/index.php\/wp-json\/wp\/v2\/comments?post=7"}],"version-history":[{"count":157,"href":"https:\/\/lob-stommeln.de\/index.php\/wp-json\/wp\/v2\/pages\/7\/revisions"}],"predecessor-version":[{"id":316,"href":"https:\/\/lob-stommeln.de\/index.php\/wp-json\/wp\/v2\/pages\/7\/revisions\/316"}],"wp:attachment":[{"href":"https:\/\/lob-stommeln.de\/index.php\/wp-json\/wp\/v2\/media?parent=7"}],"curies":[{"name":"wp","href":"https:\/\/api.w.org\/{rel}","templated":true}]}}